{"id":1810,"date":"2026-01-28T08:42:12","date_gmt":"2026-01-28T08:42:12","guid":{"rendered":"https:\/\/pasyjne.zory.pl\/?page_id=1810"},"modified":"2026-03-04T18:51:18","modified_gmt":"2026-03-04T18:51:18","slug":"soloists-and-omn-ensemble","status":"publish","type":"page","link":"https:\/\/pasyjne.zory.pl\/en\/choirs\/soloists-and-omn-ensemble\/","title":{"rendered":"Soloists and OMN Ensemble"},"content":{"rendered":"\t\t<div data-elementor-type=\"wp-page\" data-elementor-id=\"1810\" class=\"elementor elementor-1810 elementor-1605\" data-elementor-post-type=\"page\">\n\t\t\t\t<div class=\"elementor-element elementor-element-9d22107 e-flex e-con-boxed e-con e-parent\" data-id=\"9d22107\" data-element_type=\"container\" data-e-type=\"container\">\n\t\t\t\t\t<div class=\"e-con-inner\">\n\t\t\t\t<div class=\"elementor-element elementor-element-83a5eca elementor-widget elementor-widget-heading\" data-id=\"83a5eca\" data-element_type=\"widget\" data-e-type=\"widget\" data-widget_type=\"heading.default\">\n\t\t\t\t<div class=\"elementor-widget-container\">\n\t\t\t\t\t<h2 class=\"elementor-heading-title elementor-size-default\">Soloists and OMN Ensemble<\/h2>\t\t\t\t<\/div>\n\t\t\t\t<\/div>\n\t\t\t\t<div class=\"elementor-element elementor-element-5cbd95a elementor-widget elementor-widget-heading\" data-id=\"5cbd95a\" data-element_type=\"widget\" data-e-type=\"widget\" data-widget_type=\"heading.default\">\n\t\t\t\t<div class=\"elementor-widget-container\">\n\t\t\t\t\t<h3 class=\"elementor-heading-title elementor-size-default\">Soloists: El\u017cbieta Grodzka-\u0141opuszy\u0144ska soprano , Agata Kobierska mezzosoprano,\nDaniel Strz\u0105da\u0142a harpsichord, OMN Ensemble: Irena Kalinowska-Grohs,\nAgnieszka Laso\u0144, Krzysztof Batog, Danuta Sobik-Ptok.<\/h3>\t\t\t\t<\/div>\n\t\t\t\t<\/div>\n\t\t\t\t<div class=\"elementor-element elementor-element-790d27f elementor-widget elementor-widget-heading\" data-id=\"790d27f\" data-element_type=\"widget\" data-e-type=\"widget\" data-widget_type=\"heading.default\">\n\t\t\t\t<div class=\"elementor-widget-container\">\n\t\t\t\t\t<h3 class=\"elementor-heading-title elementor-size-default\">20th March 2026 \/ at 6:00 PM<br>\nEvangelical-Augsburg Parish in \u017bory<\/h3>\t\t\t\t<\/div>\n\t\t\t\t<\/div>\n\t\t\t\t<div class=\"elementor-element elementor-element-2e83659 elementor-widget elementor-widget-image\" data-id=\"2e83659\" data-element_type=\"widget\" data-e-type=\"widget\" data-widget_type=\"image.default\">\n\t\t\t\t<div class=\"elementor-widget-container\">\n\t\t\t\t\t\t\t\t\t\t\t\t\t\t\t\t<a href=\"https:\/\/pasyjne.zory.pl\/wp-content\/uploads\/2026\/01\/Elzbieta-Grodzka-Lopuszynska.jpeg\" data-elementor-open-lightbox=\"yes\" data-elementor-lightbox-title=\"Elzbieta Grodzka-\u0141opuszynska\" data-e-action-hash=\"#elementor-action%3Aaction%3Dlightbox%26settings%3DeyJpZCI6MTYwNywidXJsIjoiaHR0cHM6XC9cL3Bhc3lqbmUuem9yeS5wbFwvd3AtY29udGVudFwvdXBsb2Fkc1wvMjAyNlwvMDFcL0VsemJpZXRhLUdyb2R6a2EtTG9wdXN6eW5za2EuanBlZyJ9\">\n\t\t\t\t\t\t\t<img fetchpriority=\"high\" decoding=\"async\" width=\"1080\" height=\"720\" src=\"https:\/\/pasyjne.zory.pl\/wp-content\/uploads\/2026\/01\/Elzbieta-Grodzka-Lopuszynska.jpeg\" class=\"attachment-full size-full wp-image-1607\" alt=\"\" srcset=\"https:\/\/pasyjne.zory.pl\/wp-content\/uploads\/2026\/01\/Elzbieta-Grodzka-Lopuszynska.jpeg 1080w, https:\/\/pasyjne.zory.pl\/wp-content\/uploads\/2026\/01\/Elzbieta-Grodzka-Lopuszynska-300x200.jpeg 300w, https:\/\/pasyjne.zory.pl\/wp-content\/uploads\/2026\/01\/Elzbieta-Grodzka-Lopuszynska-1024x683.jpeg 1024w, https:\/\/pasyjne.zory.pl\/wp-content\/uploads\/2026\/01\/Elzbieta-Grodzka-Lopuszynska-768x512.jpeg 768w\" sizes=\"(max-width: 1080px) 100vw, 1080px\" \/>\t\t\t\t\t\t\t\t<\/a>\n\t\t\t\t\t\t\t\t\t\t\t\t\t\t\t<\/div>\n\t\t\t\t<\/div>\n\t\t\t\t<div class=\"elementor-element elementor-element-27a1891 elementor-widget elementor-widget-text-editor\" data-id=\"27a1891\" data-element_type=\"widget\" data-e-type=\"widget\" data-widget_type=\"text-editor.default\">\n\t\t\t\t<div class=\"elementor-widget-container\">\n\t\t\t\t\t\t\t\t\t<p>El\u017cbieta Grodzka-\u0141opuszy\u0144ska, a professor Ph.D., a graduate of the Karol Szymanowski Academy of Music in Katowice, she graduated with distinction from the solo singing class of prof. Stanis\u0142awa Marciniak-Gowarzewska. She also holds a degree in Polish Philology from the University of Silesia.<\/p><p>She performs early and contemporary music, frequently undertaking world premieres. She specializes in sacred music from various periods, giving concerts in churches and concert halls in Poland and abroad. She collaborates with numerous symphony orchestras, choirs, and chamber ensembles. Her repertoire includes over 30 solo parts in oratorio and cantata works from various periods. Since 1999, he has performed with Julian Gembalski, performing, in addition to early and contemporary music, his compositions and collaborative improvisations.<\/p><p>Her portfolio includes radio, television, and CD recordings, including seven with Julian Gembalski. In 2012, she received the Blessed Father Emil Szramek Award. In 2014, she participated in the recording of Pawe\u0142 \u0141ukaszewski\u2019s album Missa de Maria a Magdala for DUX, singing the soprano part. The album was nominated for a Fryderyk Award and also received the most prestigious Orphee d\u2019Or \u2013 Grand Prix du Disque Lyrique \u2013 Prix Hector Berlioz from the Academie du Disque Lyrique in Paris.<\/p><p>She is a researcher at the Academy of Music in Katowice, where she holds the position of professor, teaching a solo singing class. In 2004, she received her doctorate, and in 2010, her habilitation in musical arts. In 2023, she received the title of professor of art from the President of the Republic of Poland.<\/p><p>Since 2023, she has also been working as a teacher at the Wojciech Kilar Secondary Music School Complex in Katowice, where she is developing a different new field: solo singing.<\/p><p>Since 2024, she has served as a Katowice City Councilor and is a member of the Culture and Education Committee. She also serves as a consultant for the Center for Artistic Education. In 2025, she received the Artistic Award of the Marshal of the Silesian Voivodeship.<\/p>\t\t\t\t\t\t\t\t<\/div>\n\t\t\t\t<\/div>\n\t\t\t\t<div class=\"elementor-element elementor-element-1ef2c44 elementor-widget elementor-widget-image\" data-id=\"1ef2c44\" data-element_type=\"widget\" data-e-type=\"widget\" data-widget_type=\"image.default\">\n\t\t\t\t<div class=\"elementor-widget-container\">\n\t\t\t\t\t\t\t\t\t\t\t\t\t\t\t\t<a href=\"https:\/\/pasyjne.zory.pl\/wp-content\/uploads\/2026\/01\/Agata-Kobierska.jpg\" data-elementor-open-lightbox=\"yes\" data-elementor-lightbox-title=\"Agata Kobierska\" data-e-action-hash=\"#elementor-action%3Aaction%3Dlightbox%26settings%3DeyJpZCI6MTYwOCwidXJsIjoiaHR0cHM6XC9cL3Bhc3lqbmUuem9yeS5wbFwvd3AtY29udGVudFwvdXBsb2Fkc1wvMjAyNlwvMDFcL0FnYXRhLUtvYmllcnNrYS5qcGcifQ%3D%3D\">\n\t\t\t\t\t\t\t<img decoding=\"async\" width=\"540\" height=\"329\" src=\"https:\/\/pasyjne.zory.pl\/wp-content\/uploads\/2026\/01\/Agata-Kobierska.jpg\" class=\"attachment-full size-full wp-image-1608\" alt=\"\" srcset=\"https:\/\/pasyjne.zory.pl\/wp-content\/uploads\/2026\/01\/Agata-Kobierska.jpg 540w, https:\/\/pasyjne.zory.pl\/wp-content\/uploads\/2026\/01\/Agata-Kobierska-300x183.jpg 300w\" sizes=\"(max-width: 540px) 100vw, 540px\" \/>\t\t\t\t\t\t\t\t<\/a>\n\t\t\t\t\t\t\t\t\t\t\t\t\t\t\t<\/div>\n\t\t\t\t<\/div>\n\t\t\t\t<div class=\"elementor-element elementor-element-38a5eb8 elementor-widget elementor-widget-text-editor\" data-id=\"38a5eb8\" data-element_type=\"widget\" data-e-type=\"widget\" data-widget_type=\"text-editor.default\">\n\t\t\t\t<div class=\"elementor-widget-container\">\n\t\t\t\t\t\t\t\t\t<p>Agata Kobierska, a professor Ph.D., in 1989 she graduated with distinction from the vocal class of Professor Michalina Growiec at the Faculty of Vocal and Acting at the Karol Szymanowski Academy of Music in Katowice. While still a student, in 1988, she was engaged as a soloist at the State Silesian Opera in Bytom. Between 1988 and 2000, she sang nearly 20 operatic roles, including Carmen, Rosina \u2013 The Barber of Seville, Olga \u2013 Eugene Onegin, Magdalena \u2013 Rigoletto, Suzuki \u2013 Madame Butterfly, Jadwiga \u2013 The Haunted Manor, Or\u0142owski \u2013 Die Fledermaus, Flora \u2013 La Traviata, Third Lady \u2013 The Magic Flute, Orpheus \u2013 Orfeo and Eurydice, as well as minor roles in the operas Faust, Ernani, Cavalleria rusticana, and Otello.<\/p><p>She collaborated with the Pomeranian State Opera in Bydgoszcz. She sang on numerous opera stages in the Netherlands, Belgium, Luxembourg, Germany, Spain, Italy, Ukraine, and Malta. Alongside her operatic work, she performed chamber music, primarily oratorios, in Poland and abroad. She has performed oratorios extensively abroad: in France, Spain, Germany, Belgium, the Netherlands, Austria, Switzerland, Slovakia, the Czech Republic, and Ukraine. Her credits include television, radio, and CD recordings, including a platinum-selling recording (Star of Bethlehem).<\/p><p>Since 1993, she has been employed at the Faculty of Vocal Performance and Acting at the Karol Szymanowski Academy of Music in Katowice. In March 2020, she received the title of Professor of Musical Arts. She is invited to international and national academic conferences and serves as a juror at international and national vocal competitions.<\/p><p>The culmination of her artistic and teaching work was receiving the Decoration of Honor Meritorious for Polish Culture from the Ministry of Culture and National Heritage in 2011.<\/p>\t\t\t\t\t\t\t\t<\/div>\n\t\t\t\t<\/div>\n\t\t\t\t<div class=\"elementor-element elementor-element-bca58c3 elementor-widget elementor-widget-image\" data-id=\"bca58c3\" data-element_type=\"widget\" data-e-type=\"widget\" data-widget_type=\"image.default\">\n\t\t\t\t<div class=\"elementor-widget-container\">\n\t\t\t\t\t\t\t\t\t\t\t\t\t\t\t\t<a href=\"https:\/\/pasyjne.zory.pl\/wp-content\/uploads\/2026\/01\/Daniel-Strzadala-2.jpg\" data-elementor-open-lightbox=\"yes\" data-elementor-lightbox-title=\"Daniel Strzada\u0142a 2\" data-e-action-hash=\"#elementor-action%3Aaction%3Dlightbox%26settings%3DeyJpZCI6MTYxMiwidXJsIjoiaHR0cHM6XC9cL3Bhc3lqbmUuem9yeS5wbFwvd3AtY29udGVudFwvdXBsb2Fkc1wvMjAyNlwvMDFcL0RhbmllbC1TdHJ6YWRhbGEtMi5qcGcifQ%3D%3D\">\n\t\t\t\t\t\t\t<img decoding=\"async\" width=\"1280\" height=\"851\" src=\"https:\/\/pasyjne.zory.pl\/wp-content\/uploads\/2026\/01\/Daniel-Strzadala-2.jpg\" class=\"attachment-full size-full wp-image-1612\" alt=\"\" srcset=\"https:\/\/pasyjne.zory.pl\/wp-content\/uploads\/2026\/01\/Daniel-Strzadala-2.jpg 1280w, https:\/\/pasyjne.zory.pl\/wp-content\/uploads\/2026\/01\/Daniel-Strzadala-2-300x199.jpg 300w, https:\/\/pasyjne.zory.pl\/wp-content\/uploads\/2026\/01\/Daniel-Strzadala-2-1024x681.jpg 1024w, https:\/\/pasyjne.zory.pl\/wp-content\/uploads\/2026\/01\/Daniel-Strzadala-2-768x511.jpg 768w\" sizes=\"(max-width: 1280px) 100vw, 1280px\" \/>\t\t\t\t\t\t\t\t<\/a>\n\t\t\t\t\t\t\t\t\t\t\t\t\t\t\t<\/div>\n\t\t\t\t<\/div>\n\t\t\t\t<div class=\"elementor-element elementor-element-cd35304 elementor-widget elementor-widget-text-editor\" data-id=\"cd35304\" data-element_type=\"widget\" data-e-type=\"widget\" data-widget_type=\"text-editor.default\">\n\t\t\t\t<div class=\"elementor-widget-container\">\n\t\t\t\t\t\t\t\t\t<p>Daniel Strz\u0105da\u0142a (born 1995) is a graduate of the Karol Szymanowski Academy of Music in Katowice, where he studied organ under Professor Witold Zaborny (2019, graduated with distinction), as well as two music schools in Bielsko-Bia\u0142a: the Diocesan Organ School of the Second Degree (2011, organ class) and the Stanis\u0142aw Moniuszko State Music School Complex (2014, harpsichord class).<\/p><p>He performs both in Poland and abroad as an organist and harpsichordist, as a soloist, improviser, chamber musician, and orchestral musician. He collaborates with numerous ensembles, including the Silesian Philharmonic Symphony Orchestra, the Silesian Chamber Orchestra, the National Polish Radio Symphony Orchestra, the Gliwice Chamber Orchestra, the Camerata Silesia Ensemble of the City of Katowice, the Ex Corde Choir of the City of Bielsko-Bia\u0142a, and the Academic Music Ensemble of the Silesian University of Technology in Gliwice.<\/p><p>He has won numerous awards at national and international organ and harpsichord competitions. He has also expanded succefully his musical career to include composition. His oeuvre, which includes organ, choral, and chamber works, as well as numerous arrangements and transcriptions, has been presented outside of Poland, including in Italy, the Netherlands, and Slovakia.<\/p><p>For his artistic achievements, he has received a scholarship from the Minister of Culture and National Heritage, a scholarship from the Prime Minister, a distinction from the Starost of Bielsko, and an award from the Mayor of Czechowice-Dziedzice. He has recorded CDs, online recordings, and radio recordings (including three solo CDs), as well as premieres of works for solo organ and larger ensembles with organ. Since 2019, he has been working as an assistant at the Department of Organ and Church Music at his alma mater, the Academy of Music in Katowice, and since 2022, he has been a teacher at the Mieczys\u0142aw Kar\u0142owicz State Primary and Secondary Music School in Katowice, where he teaches organ classes and organ improvisation classes.<\/p><p>Earlier this year, he defended his doctoral dissertation on organ music in Cieszyn Silesia. He plans to further develop his skills at the Hochschule fu\u0308r Musik in Detmold, where, starting in April, he will begin studying for the Konzertexamen program in the organ improvisation class of Professor Tomasz Adam Nowak.<\/p>\t\t\t\t\t\t\t\t<\/div>\n\t\t\t\t<\/div>\n\t\t\t\t<div class=\"elementor-element elementor-element-cd02ecf elementor-widget elementor-widget-image\" data-id=\"cd02ecf\" data-element_type=\"widget\" data-e-type=\"widget\" data-widget_type=\"image.default\">\n\t\t\t\t<div class=\"elementor-widget-container\">\n\t\t\t\t\t\t\t\t\t\t\t\t\t\t\t\t<a href=\"https:\/\/pasyjne.zory.pl\/wp-content\/uploads\/2026\/01\/OMN-Ensemble.jpg\" data-elementor-open-lightbox=\"yes\" data-elementor-lightbox-title=\"OMN Ensemble\" data-e-action-hash=\"#elementor-action%3Aaction%3Dlightbox%26settings%3DeyJpZCI6MTYxNywidXJsIjoiaHR0cHM6XC9cL3Bhc3lqbmUuem9yeS5wbFwvd3AtY29udGVudFwvdXBsb2Fkc1wvMjAyNlwvMDFcL09NTi1FbnNlbWJsZS5qcGcifQ%3D%3D\">\n\t\t\t\t\t\t\t<img loading=\"lazy\" decoding=\"async\" width=\"880\" height=\"1216\" src=\"https:\/\/pasyjne.zory.pl\/wp-content\/uploads\/2026\/01\/OMN-Ensemble.jpg\" class=\"attachment-full size-full wp-image-1617\" alt=\"\" srcset=\"https:\/\/pasyjne.zory.pl\/wp-content\/uploads\/2026\/01\/OMN-Ensemble.jpg 880w, https:\/\/pasyjne.zory.pl\/wp-content\/uploads\/2026\/01\/OMN-Ensemble-217x300.jpg 217w, https:\/\/pasyjne.zory.pl\/wp-content\/uploads\/2026\/01\/OMN-Ensemble-741x1024.jpg 741w, https:\/\/pasyjne.zory.pl\/wp-content\/uploads\/2026\/01\/OMN-Ensemble-768x1061.jpg 768w\" sizes=\"(max-width: 880px) 100vw, 880px\" \/>\t\t\t\t\t\t\t\t<\/a>\n\t\t\t\t\t\t\t\t\t\t\t\t\t\t\t<\/div>\n\t\t\t\t<\/div>\n\t\t\t\t<div class=\"elementor-element elementor-element-0b62eb5 elementor-widget elementor-widget-text-editor\" data-id=\"0b62eb5\" data-element_type=\"widget\" data-e-type=\"widget\" data-widget_type=\"text-editor.default\">\n\t\t\t\t<div class=\"elementor-widget-container\">\n\t\t\t\t\t\t\t\t\t<p>OMN Ensemble \u2013 String Quartet of the Orchestra of New Music The OMN Ensemble is composed of chamber musicians from the Orchestra of New Music (OMN) \u2013 the oldest Polish ensemble specializing in the performance of contemporary music. The string quartet consists of: Irena Kalinowska-Grohs \/violin\/, Agnieszka Laso\u0144 \/violin\/, Krzysztof Batog \/viola\/, and Danuta Sobik-Ptok \/cello\/.<\/p><p>The ensemble stems from the nearly 30-year tradition of OMN, founded in 1996. As the core of the NOSPR\u2019s resident ensemble, the quartet\u2019s musicians contribute to the unique artistic identity of the ensemble, which, under the artistic direction of Szymon Bywalec, has earned a reputation for specializing in the most challenging contemporary scores. The quartet\u2019s mission is to explore contemporary music in search of works for Polish and world culture. The musicians have participated in over 200 world premieres. Another important aspect of the ensemble\u2019s activity is the performance of music from earlier periods, with a particular emphasis on the Baroque. The quartet presents these works primarily in modern arrangements and instrumentation, creating a bridge between tradition and contemporary sonic language. This approach allows for a fresh interpretation of classical structures in the context of today\u2019s sensibilities.<\/p><p>The ensemble regularly performs at festivals such as Warsaw Autumn and Musica Polonica Nova. Their recordings have received numerous awards, including the Danish P2-Prize, The Pizzicato Supersonic Award, and nominations for The Fryderyk and ICMA awards.Combining virtuosity with a profound understanding of the language of contemporary music, the OMN Ensemble continues the tradition of promoting the achievements of the Polish school of composition and the most interesting phenomena in contemporary chamber music worldwide.<\/p>\t\t\t\t\t\t\t\t<\/div>\n\t\t\t\t<\/div>\n\t\t\t\t\t<\/div>\n\t\t\t\t<\/div>\n\t\t\t\t<\/div>\n\t\t","protected":false},"excerpt":{"rendered":"<p>Soloists and OMN Ensemble Soloists: El\u017cbieta Grodzka-\u0141opuszy\u0144ska soprano , Agata Kobierska mezzosoprano, Daniel Strz\u0105da\u0142a harpsichord, OMN Ensemble: Irena Kalinowska-Grohs, Agnieszka Laso\u0144, Krzysztof Batog, Danuta Sobik-Ptok. 20th March 2026 \/ at 6:00 PM Evangelical-Augsburg Parish in \u017bory El\u017cbieta Grodzka-\u0141opuszy\u0144ska, a professor Ph.D., a graduate of the Karol Szymanowski Academy of Music in Katowice, she graduated with [&hellip;]<\/p>\n","protected":false},"author":1,"featured_media":0,"parent":426,"menu_order":0,"comment_status":"closed","ping_status":"closed","template":"","meta":{"footnotes":""},"class_list":["post-1810","page","type-page","status-publish","hentry"],"yoast_head":"<!-- This site is optimized with the Yoast SEO plugin v27.5 - https:\/\/yoast.com\/product\/yoast-seo-wordpress\/ -->\n<title>Soloists and OMN Ensemble - Mi\u0119dzynarodowy Ekumeniczny Koncert Muzyki Pokutnej i Pasyjnej w \u017borach<\/title>\n<meta name=\"robots\" content=\"index, follow, max-snippet:-1, max-image-preview:large, max-video-preview:-1\" \/>\n<link rel=\"canonical\" href=\"https:\/\/pasyjne.zory.pl\/en\/choirs\/soloists-and-omn-ensemble\/\" \/>\n<meta property=\"og:locale\" content=\"en_US\" \/>\n<meta property=\"og:type\" content=\"article\" \/>\n<meta property=\"og:title\" content=\"Soloists and OMN Ensemble - Mi\u0119dzynarodowy Ekumeniczny Koncert Muzyki Pokutnej i Pasyjnej w \u017borach\" \/>\n<meta property=\"og:description\" content=\"Soloists and OMN Ensemble Soloists: El\u017cbieta Grodzka-\u0141opuszy\u0144ska soprano , Agata Kobierska mezzosoprano, Daniel Strz\u0105da\u0142a harpsichord, OMN Ensemble: Irena Kalinowska-Grohs, Agnieszka Laso\u0144, Krzysztof Batog, Danuta Sobik-Ptok. 20th March 2026 \/ at 6:00 PM Evangelical-Augsburg Parish in \u017bory El\u017cbieta Grodzka-\u0141opuszy\u0144ska, a professor Ph.D., a graduate of the Karol Szymanowski Academy of Music in Katowice, she graduated with [&hellip;]\" \/>\n<meta property=\"og:url\" content=\"https:\/\/pasyjne.zory.pl\/en\/choirs\/soloists-and-omn-ensemble\/\" \/>\n<meta property=\"og:site_name\" content=\"Mi\u0119dzynarodowy Ekumeniczny Koncert Muzyki Pokutnej i Pasyjnej w \u017borach\" \/>\n<meta property=\"article:modified_time\" content=\"2026-03-04T18:51:18+00:00\" \/>\n<meta property=\"og:image\" content=\"https:\/\/pasyjne.zory.pl\/wp-content\/uploads\/2026\/01\/Elzbieta-Grodzka-Lopuszynska.jpeg\" \/>\n\t<meta property=\"og:image:width\" content=\"1080\" \/>\n\t<meta property=\"og:image:height\" content=\"720\" \/>\n\t<meta property=\"og:image:type\" content=\"image\/jpeg\" \/>\n<meta name=\"twitter:card\" content=\"summary_large_image\" \/>\n<meta name=\"twitter:label1\" content=\"Est. reading time\" \/>\n\t<meta name=\"twitter:data1\" content=\"7 minutes\" \/>\n<script type=\"application\/ld+json\" class=\"yoast-schema-graph\">{\"@context\":\"https:\\\/\\\/schema.org\",\"@graph\":[{\"@type\":\"WebPage\",\"@id\":\"https:\\\/\\\/pasyjne.zory.pl\\\/en\\\/choirs\\\/soloists-and-omn-ensemble\\\/\",\"url\":\"https:\\\/\\\/pasyjne.zory.pl\\\/en\\\/choirs\\\/soloists-and-omn-ensemble\\\/\",\"name\":\"Soloists and OMN Ensemble - Mi\u0119dzynarodowy Ekumeniczny Koncert Muzyki Pokutnej i Pasyjnej w \u017borach\",\"isPartOf\":{\"@id\":\"https:\\\/\\\/pasyjne.zory.pl\\\/#website\"},\"primaryImageOfPage\":{\"@id\":\"https:\\\/\\\/pasyjne.zory.pl\\\/en\\\/choirs\\\/soloists-and-omn-ensemble\\\/#primaryimage\"},\"image\":{\"@id\":\"https:\\\/\\\/pasyjne.zory.pl\\\/en\\\/choirs\\\/soloists-and-omn-ensemble\\\/#primaryimage\"},\"thumbnailUrl\":\"https:\\\/\\\/pasyjne.zory.pl\\\/wp-content\\\/uploads\\\/2026\\\/01\\\/Elzbieta-Grodzka-Lopuszynska.jpeg\",\"datePublished\":\"2026-01-28T08:42:12+00:00\",\"dateModified\":\"2026-03-04T18:51:18+00:00\",\"breadcrumb\":{\"@id\":\"https:\\\/\\\/pasyjne.zory.pl\\\/en\\\/choirs\\\/soloists-and-omn-ensemble\\\/#breadcrumb\"},\"inLanguage\":\"en-US\",\"potentialAction\":[{\"@type\":\"ReadAction\",\"target\":[\"https:\\\/\\\/pasyjne.zory.pl\\\/en\\\/choirs\\\/soloists-and-omn-ensemble\\\/\"]}]},{\"@type\":\"ImageObject\",\"inLanguage\":\"en-US\",\"@id\":\"https:\\\/\\\/pasyjne.zory.pl\\\/en\\\/choirs\\\/soloists-and-omn-ensemble\\\/#primaryimage\",\"url\":\"https:\\\/\\\/pasyjne.zory.pl\\\/wp-content\\\/uploads\\\/2026\\\/01\\\/Elzbieta-Grodzka-Lopuszynska.jpeg\",\"contentUrl\":\"https:\\\/\\\/pasyjne.zory.pl\\\/wp-content\\\/uploads\\\/2026\\\/01\\\/Elzbieta-Grodzka-Lopuszynska.jpeg\"},{\"@type\":\"BreadcrumbList\",\"@id\":\"https:\\\/\\\/pasyjne.zory.pl\\\/en\\\/choirs\\\/soloists-and-omn-ensemble\\\/#breadcrumb\",\"itemListElement\":[{\"@type\":\"ListItem\",\"position\":1,\"name\":\"Strona g\u0142\u00f3wna\",\"item\":\"https:\\\/\\\/pasyjne.zory.pl\\\/en\\\/\"},{\"@type\":\"ListItem\",\"position\":2,\"name\":\"Choirs\",\"item\":\"https:\\\/\\\/pasyjne.zory.pl\\\/en\\\/choirs\\\/\"},{\"@type\":\"ListItem\",\"position\":3,\"name\":\"Soloists and OMN Ensemble\"}]},{\"@type\":\"WebSite\",\"@id\":\"https:\\\/\\\/pasyjne.zory.pl\\\/#website\",\"url\":\"https:\\\/\\\/pasyjne.zory.pl\\\/\",\"name\":\"Mi\u0119dzynarodowy Ekumeniczny Koncert Muzyki Pokutnej i Pasyjnej w \u017borach\",\"description\":\"\",\"publisher\":{\"@id\":\"https:\\\/\\\/pasyjne.zory.pl\\\/#organization\"},\"potentialAction\":[{\"@type\":\"SearchAction\",\"target\":{\"@type\":\"EntryPoint\",\"urlTemplate\":\"https:\\\/\\\/pasyjne.zory.pl\\\/?s={search_term_string}\"},\"query-input\":{\"@type\":\"PropertyValueSpecification\",\"valueRequired\":true,\"valueName\":\"search_term_string\"}}],\"inLanguage\":\"en-US\"},{\"@type\":\"Organization\",\"@id\":\"https:\\\/\\\/pasyjne.zory.pl\\\/#organization\",\"name\":\"Mi\u0119dzynarodowy Ekumeniczny Koncert Muzyki Pokutnej i Pasyjnej w \u017borach\",\"url\":\"https:\\\/\\\/pasyjne.zory.pl\\\/\",\"logo\":{\"@type\":\"ImageObject\",\"inLanguage\":\"en-US\",\"@id\":\"https:\\\/\\\/pasyjne.zory.pl\\\/#\\\/schema\\\/logo\\\/image\\\/\",\"url\":\"https:\\\/\\\/pasyjne.zory.pl\\\/wp-content\\\/uploads\\\/2024\\\/02\\\/logo.png\",\"contentUrl\":\"https:\\\/\\\/pasyjne.zory.pl\\\/wp-content\\\/uploads\\\/2024\\\/02\\\/logo.png\",\"width\":1000,\"height\":1000,\"caption\":\"Mi\u0119dzynarodowy Ekumeniczny Koncert Muzyki Pokutnej i Pasyjnej w \u017borach\"},\"image\":{\"@id\":\"https:\\\/\\\/pasyjne.zory.pl\\\/#\\\/schema\\\/logo\\\/image\\\/\"}}]}<\/script>\n<!-- \/ Yoast SEO plugin. -->","yoast_head_json":{"title":"Soloists and OMN Ensemble - Mi\u0119dzynarodowy Ekumeniczny Koncert Muzyki Pokutnej i Pasyjnej w \u017borach","robots":{"index":"index","follow":"follow","max-snippet":"max-snippet:-1","max-image-preview":"max-image-preview:large","max-video-preview":"max-video-preview:-1"},"canonical":"https:\/\/pasyjne.zory.pl\/en\/choirs\/soloists-and-omn-ensemble\/","og_locale":"en_US","og_type":"article","og_title":"Soloists and OMN Ensemble - Mi\u0119dzynarodowy Ekumeniczny Koncert Muzyki Pokutnej i Pasyjnej w \u017borach","og_description":"Soloists and OMN Ensemble Soloists: El\u017cbieta Grodzka-\u0141opuszy\u0144ska soprano , Agata Kobierska mezzosoprano, Daniel Strz\u0105da\u0142a harpsichord, OMN Ensemble: Irena Kalinowska-Grohs, Agnieszka Laso\u0144, Krzysztof Batog, Danuta Sobik-Ptok. 20th March 2026 \/ at 6:00 PM Evangelical-Augsburg Parish in \u017bory El\u017cbieta Grodzka-\u0141opuszy\u0144ska, a professor Ph.D., a graduate of the Karol Szymanowski Academy of Music in Katowice, she graduated with [&hellip;]","og_url":"https:\/\/pasyjne.zory.pl\/en\/choirs\/soloists-and-omn-ensemble\/","og_site_name":"Mi\u0119dzynarodowy Ekumeniczny Koncert Muzyki Pokutnej i Pasyjnej w \u017borach","article_modified_time":"2026-03-04T18:51:18+00:00","og_image":[{"width":1080,"height":720,"url":"https:\/\/pasyjne.zory.pl\/wp-content\/uploads\/2026\/01\/Elzbieta-Grodzka-Lopuszynska.jpeg","type":"image\/jpeg"}],"twitter_card":"summary_large_image","twitter_misc":{"Est. reading time":"7 minutes"},"schema":{"@context":"https:\/\/schema.org","@graph":[{"@type":"WebPage","@id":"https:\/\/pasyjne.zory.pl\/en\/choirs\/soloists-and-omn-ensemble\/","url":"https:\/\/pasyjne.zory.pl\/en\/choirs\/soloists-and-omn-ensemble\/","name":"Soloists and OMN Ensemble - Mi\u0119dzynarodowy Ekumeniczny Koncert Muzyki Pokutnej i Pasyjnej w \u017borach","isPartOf":{"@id":"https:\/\/pasyjne.zory.pl\/#website"},"primaryImageOfPage":{"@id":"https:\/\/pasyjne.zory.pl\/en\/choirs\/soloists-and-omn-ensemble\/#primaryimage"},"image":{"@id":"https:\/\/pasyjne.zory.pl\/en\/choirs\/soloists-and-omn-ensemble\/#primaryimage"},"thumbnailUrl":"https:\/\/pasyjne.zory.pl\/wp-content\/uploads\/2026\/01\/Elzbieta-Grodzka-Lopuszynska.jpeg","datePublished":"2026-01-28T08:42:12+00:00","dateModified":"2026-03-04T18:51:18+00:00","breadcrumb":{"@id":"https:\/\/pasyjne.zory.pl\/en\/choirs\/soloists-and-omn-ensemble\/#breadcrumb"},"inLanguage":"en-US","potentialAction":[{"@type":"ReadAction","target":["https:\/\/pasyjne.zory.pl\/en\/choirs\/soloists-and-omn-ensemble\/"]}]},{"@type":"ImageObject","inLanguage":"en-US","@id":"https:\/\/pasyjne.zory.pl\/en\/choirs\/soloists-and-omn-ensemble\/#primaryimage","url":"https:\/\/pasyjne.zory.pl\/wp-content\/uploads\/2026\/01\/Elzbieta-Grodzka-Lopuszynska.jpeg","contentUrl":"https:\/\/pasyjne.zory.pl\/wp-content\/uploads\/2026\/01\/Elzbieta-Grodzka-Lopuszynska.jpeg"},{"@type":"BreadcrumbList","@id":"https:\/\/pasyjne.zory.pl\/en\/choirs\/soloists-and-omn-ensemble\/#breadcrumb","itemListElement":[{"@type":"ListItem","position":1,"name":"Strona g\u0142\u00f3wna","item":"https:\/\/pasyjne.zory.pl\/en\/"},{"@type":"ListItem","position":2,"name":"Choirs","item":"https:\/\/pasyjne.zory.pl\/en\/choirs\/"},{"@type":"ListItem","position":3,"name":"Soloists and OMN Ensemble"}]},{"@type":"WebSite","@id":"https:\/\/pasyjne.zory.pl\/#website","url":"https:\/\/pasyjne.zory.pl\/","name":"Mi\u0119dzynarodowy Ekumeniczny Koncert Muzyki Pokutnej i Pasyjnej w \u017borach","description":"","publisher":{"@id":"https:\/\/pasyjne.zory.pl\/#organization"},"potentialAction":[{"@type":"SearchAction","target":{"@type":"EntryPoint","urlTemplate":"https:\/\/pasyjne.zory.pl\/?s={search_term_string}"},"query-input":{"@type":"PropertyValueSpecification","valueRequired":true,"valueName":"search_term_string"}}],"inLanguage":"en-US"},{"@type":"Organization","@id":"https:\/\/pasyjne.zory.pl\/#organization","name":"Mi\u0119dzynarodowy Ekumeniczny Koncert Muzyki Pokutnej i Pasyjnej w \u017borach","url":"https:\/\/pasyjne.zory.pl\/","logo":{"@type":"ImageObject","inLanguage":"en-US","@id":"https:\/\/pasyjne.zory.pl\/#\/schema\/logo\/image\/","url":"https:\/\/pasyjne.zory.pl\/wp-content\/uploads\/2024\/02\/logo.png","contentUrl":"https:\/\/pasyjne.zory.pl\/wp-content\/uploads\/2024\/02\/logo.png","width":1000,"height":1000,"caption":"Mi\u0119dzynarodowy Ekumeniczny Koncert Muzyki Pokutnej i Pasyjnej w \u017borach"},"image":{"@id":"https:\/\/pasyjne.zory.pl\/#\/schema\/logo\/image\/"}}]}},"_links":{"self":[{"href":"https:\/\/pasyjne.zory.pl\/en\/wp-json\/wp\/v2\/pages\/1810","targetHints":{"allow":["GET"]}}],"collection":[{"href":"https:\/\/pasyjne.zory.pl\/en\/wp-json\/wp\/v2\/pages"}],"about":[{"href":"https:\/\/pasyjne.zory.pl\/en\/wp-json\/wp\/v2\/types\/page"}],"author":[{"embeddable":true,"href":"https:\/\/pasyjne.zory.pl\/en\/wp-json\/wp\/v2\/users\/1"}],"replies":[{"embeddable":true,"href":"https:\/\/pasyjne.zory.pl\/en\/wp-json\/wp\/v2\/comments?post=1810"}],"version-history":[{"count":5,"href":"https:\/\/pasyjne.zory.pl\/en\/wp-json\/wp\/v2\/pages\/1810\/revisions"}],"predecessor-version":[{"id":1879,"href":"https:\/\/pasyjne.zory.pl\/en\/wp-json\/wp\/v2\/pages\/1810\/revisions\/1879"}],"up":[{"embeddable":true,"href":"https:\/\/pasyjne.zory.pl\/en\/wp-json\/wp\/v2\/pages\/426"}],"wp:attachment":[{"href":"https:\/\/pasyjne.zory.pl\/en\/wp-json\/wp\/v2\/media?parent=1810"}],"curies":[{"name":"wp","href":"https:\/\/api.w.org\/{rel}","templated":true}]}}