{"id":1815,"date":"2026-01-27T12:46:11","date_gmt":"2026-01-27T12:46:11","guid":{"rendered":"https:\/\/pasyjne.zory.pl\/?page_id=1815"},"modified":"2026-03-04T18:59:35","modified_gmt":"2026-03-04T18:59:35","slug":"rondo-vocal-ensemble-wroclaw","status":"publish","type":"page","link":"https:\/\/pasyjne.zory.pl\/en\/choirs\/rondo-vocal-ensemble-wroclaw\/","title":{"rendered":"Rondo Vocal Ensemble \/ Wroc\u0142aw"},"content":{"rendered":"\t\t<div data-elementor-type=\"wp-page\" data-elementor-id=\"1815\" class=\"elementor elementor-1815 elementor-1530\" data-elementor-post-type=\"page\">\n\t\t\t\t<div class=\"elementor-element elementor-element-9d22107 e-flex e-con-boxed e-con e-parent\" data-id=\"9d22107\" data-element_type=\"container\" data-e-type=\"container\">\n\t\t\t\t\t<div class=\"e-con-inner\">\n\t\t<div class=\"elementor-element elementor-element-a8e9f93 e-grid e-con-boxed e-con e-child\" data-id=\"a8e9f93\" data-element_type=\"container\" data-e-type=\"container\">\n\t\t\t\t\t<div class=\"e-con-inner\">\n\t\t<div class=\"elementor-element elementor-element-128c792 e-flex e-con-boxed e-con e-child\" data-id=\"128c792\" data-element_type=\"container\" data-e-type=\"container\">\n\t\t\t\t\t<div class=\"e-con-inner\">\n\t\t\t\t<div class=\"elementor-element elementor-element-2e83659 elementor-widget elementor-widget-image\" data-id=\"2e83659\" data-element_type=\"widget\" data-e-type=\"widget\" data-widget_type=\"image.default\">\n\t\t\t\t<div class=\"elementor-widget-container\">\n\t\t\t\t\t\t\t\t\t\t\t\t\t\t\t\t<a href=\"https:\/\/pasyjne.zory.pl\/wp-content\/uploads\/2026\/01\/Rondo.jpg\" data-elementor-open-lightbox=\"yes\" data-elementor-lightbox-title=\"Rondo\" data-e-action-hash=\"#elementor-action%3Aaction%3Dlightbox%26settings%3DeyJpZCI6MTU4MCwidXJsIjoiaHR0cHM6XC9cL3Bhc3lqbmUuem9yeS5wbFwvd3AtY29udGVudFwvdXBsb2Fkc1wvMjAyNlwvMDFcL1JvbmRvLmpwZyJ9\">\n\t\t\t\t\t\t\t<img fetchpriority=\"high\" decoding=\"async\" width=\"1024\" height=\"906\" src=\"https:\/\/pasyjne.zory.pl\/wp-content\/uploads\/2026\/01\/Rondo.jpg\" class=\"attachment-full size-full wp-image-1580\" alt=\"\" srcset=\"https:\/\/pasyjne.zory.pl\/wp-content\/uploads\/2026\/01\/Rondo.jpg 1024w, https:\/\/pasyjne.zory.pl\/wp-content\/uploads\/2026\/01\/Rondo-300x265.jpg 300w, https:\/\/pasyjne.zory.pl\/wp-content\/uploads\/2026\/01\/Rondo-768x680.jpg 768w\" sizes=\"(max-width: 1024px) 100vw, 1024px\" \/>\t\t\t\t\t\t\t\t<\/a>\n\t\t\t\t\t\t\t\t\t\t\t\t\t\t\t<\/div>\n\t\t\t\t<\/div>\n\t\t\t\t\t<\/div>\n\t\t\t\t<\/div>\n\t\t<div class=\"elementor-element elementor-element-8016984 e-flex e-con-boxed e-con e-child\" data-id=\"8016984\" data-element_type=\"container\" data-e-type=\"container\">\n\t\t\t\t\t<div class=\"e-con-inner\">\n\t\t\t\t<div class=\"elementor-element elementor-element-83a5eca elementor-widget elementor-widget-heading\" data-id=\"83a5eca\" data-element_type=\"widget\" data-e-type=\"widget\" data-widget_type=\"heading.default\">\n\t\t\t\t<div class=\"elementor-widget-container\">\n\t\t\t\t\t<h2 class=\"elementor-heading-title elementor-size-default\">Rondo Vocal Ensemble \/ Wroc\u0142aw<\/h2>\t\t\t\t<\/div>\n\t\t\t\t<\/div>\n\t\t\t\t<div class=\"elementor-element elementor-element-5cbd95a elementor-widget elementor-widget-heading\" data-id=\"5cbd95a\" data-element_type=\"widget\" data-e-type=\"widget\" data-widget_type=\"heading.default\">\n\t\t\t\t<div class=\"elementor-widget-container\">\n\t\t\t\t\t<h3 class=\"elementor-heading-title elementor-size-default\">21st March 2026 r. \/ at 6:00 PM<br>Parish of St. App. Philip and Jacob in \u017bory<\/h3>\t\t\t\t<\/div>\n\t\t\t\t<\/div>\n\t\t\t\t\t<\/div>\n\t\t\t\t<\/div>\n\t\t\t\t\t<\/div>\n\t\t\t\t<\/div>\n\t\t\t\t<div class=\"elementor-element elementor-element-27a1891 elementor-widget elementor-widget-text-editor\" data-id=\"27a1891\" data-element_type=\"widget\" data-e-type=\"widget\" data-widget_type=\"text-editor.default\">\n\t\t\t\t<div class=\"elementor-widget-container\">\n\t\t\t\t\t\t\t\t\t<p>Rondo Vocal Ensemble is a dynamic group of young artists that has been active on the music scene for 20 years. Founded in 2006, the ensemble originally brought together exclusively graduates of the Gra\u017cyna Bacewicz First-Level Music School in Wroc\u0142aw \u2013 former members of the Con Brio Choir, conducted by Ma\u0142gorzata Podzielny until 2022.<\/p><p>Over time, Rondo has expanded to include singing enthusiasts, students and graduates of Wroc\u0142aw\u2019s universities, as well as former members of the NFM Boys\u2019 Choir and the NFM Girls\u2019 Choir, both led by the same conductor. The members of the ensemble combine their passion for music with education and careers in a wide range of fields. Rondo performs in Poland and abroad, presenting a repertoire that spans a broad stylistic spectrum \u2013 from Renaissance chansons to contemporary works, as well as arrangements of popular music standards and folk songs. The ensemble appears in a cappella programmes and takes part in vocal-instrumental projects in collaboration with professional orchestras and choirs, including at the International Wratislavia Cantans Festival and the Leo Festival.<\/p><p>The Rondo Vocal Ensemble has won more than 40 national and international choral competitions. In recent years, its achievements have included:<\/p><ul><li>Grand Prix, Gold Diploma, and the Main Prize \u2013 the Jerzy Liban Lute of Legnica (awarded permanently to the ensemble as a three-time winner of the 48th, 50th and 52nd editions) at the Legnica Cantat 52 National Choral Tournament (2022);<\/li><li>Second Prize in the secular music category at the 71st Guido d\u2019Arezzo International Polyphonic Competition (2023).<\/li><\/ul><p>Rondo is also a two-time recipient of the highest choral distinction in Poland \u2013 the Stefan Stuligrosz Polish Choral Grand Prix in Pozna\u0144 (2019, 2022). The ensemble has participated in the recording of four albums: Musica grata Deo (2013), Rondo kol\u0119duje (2014), Teraz (2019) and Filharmonia Pana Kleksa \u2013 an album nominated for the 2024 Fryderyk Award, featuring Micha\u0142 Zi\u00f3\u0142kowski\u2019s arrangements of music from the Mr. Kleks films, recorded with the NFM Leopoldinum Orchestra and the children\u2019s choirs of the National Forum of Music.\u00a0<\/p>\t\t\t\t\t\t\t\t<\/div>\n\t\t\t\t<\/div>\n\t\t\t\t<div class=\"elementor-element elementor-element-75216e4 elementor-widget elementor-widget-image\" data-id=\"75216e4\" data-element_type=\"widget\" data-e-type=\"widget\" data-widget_type=\"image.default\">\n\t\t\t\t<div class=\"elementor-widget-container\">\n\t\t\t\t\t\t\t\t\t\t\t\t\t\t\t\t<a href=\"https:\/\/pasyjne.zory.pl\/wp-content\/uploads\/2026\/01\/Malgorzata-Podzielny-fot.-Magdalena-Opolka-2.jpg\" data-elementor-open-lightbox=\"yes\" data-elementor-lightbox-title=\"Ma\u0142gorzata Podzielny, fot. Magdalena Opo\u0142ka (2)\" data-e-action-hash=\"#elementor-action%3Aaction%3Dlightbox%26settings%3DeyJpZCI6MTY2MywidXJsIjoiaHR0cHM6XC9cL3Bhc3lqbmUuem9yeS5wbFwvd3AtY29udGVudFwvdXBsb2Fkc1wvMjAyNlwvMDFcL01hbGdvcnphdGEtUG9kemllbG55LWZvdC4tTWFnZGFsZW5hLU9wb2xrYS0yLmpwZyJ9\">\n\t\t\t\t\t\t\t<img decoding=\"async\" width=\"853\" height=\"1280\" src=\"https:\/\/pasyjne.zory.pl\/wp-content\/uploads\/2026\/01\/Malgorzata-Podzielny-fot.-Magdalena-Opolka-2.jpg\" class=\"attachment-full size-full wp-image-1663\" alt=\"\" srcset=\"https:\/\/pasyjne.zory.pl\/wp-content\/uploads\/2026\/01\/Malgorzata-Podzielny-fot.-Magdalena-Opolka-2.jpg 853w, https:\/\/pasyjne.zory.pl\/wp-content\/uploads\/2026\/01\/Malgorzata-Podzielny-fot.-Magdalena-Opolka-2-200x300.jpg 200w, https:\/\/pasyjne.zory.pl\/wp-content\/uploads\/2026\/01\/Malgorzata-Podzielny-fot.-Magdalena-Opolka-2-682x1024.jpg 682w, https:\/\/pasyjne.zory.pl\/wp-content\/uploads\/2026\/01\/Malgorzata-Podzielny-fot.-Magdalena-Opolka-2-768x1152.jpg 768w\" sizes=\"(max-width: 853px) 100vw, 853px\" \/>\t\t\t\t\t\t\t\t<\/a>\n\t\t\t\t\t\t\t\t\t\t\t\t\t\t\t<\/div>\n\t\t\t\t<\/div>\n\t\t\t\t<div class=\"elementor-element elementor-element-44e1f72 elementor-widget elementor-widget-text-editor\" data-id=\"44e1f72\" data-element_type=\"widget\" data-e-type=\"widget\" data-widget_type=\"text-editor.default\">\n\t\t\t\t<div class=\"elementor-widget-container\">\n\t\t\t\t\t\t\t\t\t<p>Ma\u0142gorzata Podzielny \u2013 a conductor, music theorist, and professor at the Karol Lipi\u0144ski Academy of Music in Wroc\u0142aw. Since 2024 she has served as Head of the Department of Music Education at her home institution, where she teaches choral conducting and courses in methodology for working with children\u2019s choirs, combined with ensemble practice.<\/p><p>She is the author of Shaping the Artistic Attitude of the Young Chorister (2014) and the scientific editor of two volumes of Working with a Children\u2019s Choir (2019, 2023), published as a result of international and national conferences of the same title, for which she serves as an academic director. She also edited the collection Children Sing! Volume 1. Two- and Three-Part A Cappella Works for Children\u2019s Choir (2025), published by the Wroc\u0142aw Academy of Music. For 20 years she directed the Con Brio Choir at the Gra\u017cyna Bacewicz First-Level Music School in Wroc\u0142aw. She currently leads the Rondo Vocal Ensemble (since 2006), the NFM Boys\u2019 Choir (since 2009), and the NFM Girls\u2019 Choir (since 2022). Under her direction, these ensembles have won more than 150 awards at nearly 100 national and international competitions, including twice the Stefan Stuligrosz Polish Choral Grand Prix (2019, 2022) with the Rondo Vocal Ensemble.<\/p><p>Ma\u0142gorzata Podzielny serves as a juror at national and international choral competitions and conducts numerous workshops and seminars devoted to children\u2019s and youth choral conducting. She is the recipient of 45 individual awards, including the Meritorious for Polish Culture badge, the Bronze and Silver Cross of Merit, the Second-Degree Award of the Minister of Culture and National Heritage, and the 2023 Wroc\u0142aw Artistic Award in the classical music category<\/p>\t\t\t\t\t\t\t\t<\/div>\n\t\t\t\t<\/div>\n\t\t\t\t\t<\/div>\n\t\t\t\t<\/div>\n\t\t\t\t<\/div>\n\t\t","protected":false},"excerpt":{"rendered":"<p>Rondo Vocal Ensemble \/ Wroc\u0142aw 21st March 2026 r. \/ at 6:00 PMParish of St. App. Philip and Jacob in \u017bory Rondo Vocal Ensemble is a dynamic group of young artists that has been active on the music scene for 20 years. Founded in 2006, the ensemble originally brought together exclusively graduates of the Gra\u017cyna [&hellip;]<\/p>\n","protected":false},"author":1,"featured_media":0,"parent":426,"menu_order":0,"comment_status":"closed","ping_status":"closed","template":"","meta":{"footnotes":""},"class_list":["post-1815","page","type-page","status-publish","hentry"],"yoast_head":"<!-- This site is optimized with the Yoast SEO plugin v27.5 - https:\/\/yoast.com\/product\/yoast-seo-wordpress\/ -->\n<title>Rondo Vocal Ensemble \/ Wroc\u0142aw - Mi\u0119dzynarodowy Ekumeniczny Koncert Muzyki Pokutnej i Pasyjnej w \u017borach<\/title>\n<meta name=\"robots\" content=\"index, follow, max-snippet:-1, max-image-preview:large, max-video-preview:-1\" \/>\n<link rel=\"canonical\" href=\"https:\/\/pasyjne.zory.pl\/en\/choirs\/rondo-vocal-ensemble-wroclaw\/\" \/>\n<meta property=\"og:locale\" content=\"en_US\" \/>\n<meta property=\"og:type\" content=\"article\" \/>\n<meta property=\"og:title\" content=\"Rondo Vocal Ensemble \/ Wroc\u0142aw - Mi\u0119dzynarodowy Ekumeniczny Koncert Muzyki Pokutnej i Pasyjnej w \u017borach\" \/>\n<meta property=\"og:description\" content=\"Rondo Vocal Ensemble \/ Wroc\u0142aw 21st March 2026 r. \/ at 6:00 PMParish of St. App. Philip and Jacob in \u017bory Rondo Vocal Ensemble is a dynamic group of young artists that has been active on the music scene for 20 years. Founded in 2006, the ensemble originally brought together exclusively graduates of the Gra\u017cyna [&hellip;]\" \/>\n<meta property=\"og:url\" content=\"https:\/\/pasyjne.zory.pl\/en\/choirs\/rondo-vocal-ensemble-wroclaw\/\" \/>\n<meta property=\"og:site_name\" content=\"Mi\u0119dzynarodowy Ekumeniczny Koncert Muzyki Pokutnej i Pasyjnej w \u017borach\" \/>\n<meta property=\"article:modified_time\" content=\"2026-03-04T18:59:35+00:00\" \/>\n<meta property=\"og:image\" content=\"https:\/\/pasyjne.zory.pl\/wp-content\/uploads\/2026\/01\/Rondo.jpg\" \/>\n\t<meta property=\"og:image:width\" content=\"1024\" \/>\n\t<meta property=\"og:image:height\" content=\"906\" \/>\n\t<meta property=\"og:image:type\" content=\"image\/jpeg\" \/>\n<meta name=\"twitter:card\" content=\"summary_large_image\" \/>\n<meta name=\"twitter:label1\" content=\"Est. reading time\" \/>\n\t<meta name=\"twitter:data1\" content=\"4 minutes\" \/>\n<script type=\"application\/ld+json\" class=\"yoast-schema-graph\">{\"@context\":\"https:\\\/\\\/schema.org\",\"@graph\":[{\"@type\":\"WebPage\",\"@id\":\"https:\\\/\\\/pasyjne.zory.pl\\\/en\\\/choirs\\\/rondo-vocal-ensemble-wroclaw\\\/\",\"url\":\"https:\\\/\\\/pasyjne.zory.pl\\\/en\\\/choirs\\\/rondo-vocal-ensemble-wroclaw\\\/\",\"name\":\"Rondo Vocal Ensemble \\\/ Wroc\u0142aw - Mi\u0119dzynarodowy Ekumeniczny Koncert Muzyki Pokutnej i Pasyjnej w \u017borach\",\"isPartOf\":{\"@id\":\"https:\\\/\\\/pasyjne.zory.pl\\\/#website\"},\"primaryImageOfPage\":{\"@id\":\"https:\\\/\\\/pasyjne.zory.pl\\\/en\\\/choirs\\\/rondo-vocal-ensemble-wroclaw\\\/#primaryimage\"},\"image\":{\"@id\":\"https:\\\/\\\/pasyjne.zory.pl\\\/en\\\/choirs\\\/rondo-vocal-ensemble-wroclaw\\\/#primaryimage\"},\"thumbnailUrl\":\"https:\\\/\\\/pasyjne.zory.pl\\\/wp-content\\\/uploads\\\/2026\\\/01\\\/Rondo.jpg\",\"datePublished\":\"2026-01-27T12:46:11+00:00\",\"dateModified\":\"2026-03-04T18:59:35+00:00\",\"breadcrumb\":{\"@id\":\"https:\\\/\\\/pasyjne.zory.pl\\\/en\\\/choirs\\\/rondo-vocal-ensemble-wroclaw\\\/#breadcrumb\"},\"inLanguage\":\"en-US\",\"potentialAction\":[{\"@type\":\"ReadAction\",\"target\":[\"https:\\\/\\\/pasyjne.zory.pl\\\/en\\\/choirs\\\/rondo-vocal-ensemble-wroclaw\\\/\"]}]},{\"@type\":\"ImageObject\",\"inLanguage\":\"en-US\",\"@id\":\"https:\\\/\\\/pasyjne.zory.pl\\\/en\\\/choirs\\\/rondo-vocal-ensemble-wroclaw\\\/#primaryimage\",\"url\":\"https:\\\/\\\/pasyjne.zory.pl\\\/wp-content\\\/uploads\\\/2026\\\/01\\\/Rondo.jpg\",\"contentUrl\":\"https:\\\/\\\/pasyjne.zory.pl\\\/wp-content\\\/uploads\\\/2026\\\/01\\\/Rondo.jpg\"},{\"@type\":\"BreadcrumbList\",\"@id\":\"https:\\\/\\\/pasyjne.zory.pl\\\/en\\\/choirs\\\/rondo-vocal-ensemble-wroclaw\\\/#breadcrumb\",\"itemListElement\":[{\"@type\":\"ListItem\",\"position\":1,\"name\":\"Strona g\u0142\u00f3wna\",\"item\":\"https:\\\/\\\/pasyjne.zory.pl\\\/en\\\/\"},{\"@type\":\"ListItem\",\"position\":2,\"name\":\"Choirs\",\"item\":\"https:\\\/\\\/pasyjne.zory.pl\\\/en\\\/choirs\\\/\"},{\"@type\":\"ListItem\",\"position\":3,\"name\":\"Rondo Vocal Ensemble \\\/ Wroc\u0142aw\"}]},{\"@type\":\"WebSite\",\"@id\":\"https:\\\/\\\/pasyjne.zory.pl\\\/#website\",\"url\":\"https:\\\/\\\/pasyjne.zory.pl\\\/\",\"name\":\"Mi\u0119dzynarodowy Ekumeniczny Koncert Muzyki Pokutnej i Pasyjnej w \u017borach\",\"description\":\"\",\"publisher\":{\"@id\":\"https:\\\/\\\/pasyjne.zory.pl\\\/#organization\"},\"potentialAction\":[{\"@type\":\"SearchAction\",\"target\":{\"@type\":\"EntryPoint\",\"urlTemplate\":\"https:\\\/\\\/pasyjne.zory.pl\\\/?s={search_term_string}\"},\"query-input\":{\"@type\":\"PropertyValueSpecification\",\"valueRequired\":true,\"valueName\":\"search_term_string\"}}],\"inLanguage\":\"en-US\"},{\"@type\":\"Organization\",\"@id\":\"https:\\\/\\\/pasyjne.zory.pl\\\/#organization\",\"name\":\"Mi\u0119dzynarodowy Ekumeniczny Koncert Muzyki Pokutnej i Pasyjnej w \u017borach\",\"url\":\"https:\\\/\\\/pasyjne.zory.pl\\\/\",\"logo\":{\"@type\":\"ImageObject\",\"inLanguage\":\"en-US\",\"@id\":\"https:\\\/\\\/pasyjne.zory.pl\\\/#\\\/schema\\\/logo\\\/image\\\/\",\"url\":\"https:\\\/\\\/pasyjne.zory.pl\\\/wp-content\\\/uploads\\\/2024\\\/02\\\/logo.png\",\"contentUrl\":\"https:\\\/\\\/pasyjne.zory.pl\\\/wp-content\\\/uploads\\\/2024\\\/02\\\/logo.png\",\"width\":1000,\"height\":1000,\"caption\":\"Mi\u0119dzynarodowy Ekumeniczny Koncert Muzyki Pokutnej i Pasyjnej w \u017borach\"},\"image\":{\"@id\":\"https:\\\/\\\/pasyjne.zory.pl\\\/#\\\/schema\\\/logo\\\/image\\\/\"}}]}<\/script>\n<!-- \/ Yoast SEO plugin. -->","yoast_head_json":{"title":"Rondo Vocal Ensemble \/ Wroc\u0142aw - Mi\u0119dzynarodowy Ekumeniczny Koncert Muzyki Pokutnej i Pasyjnej w \u017borach","robots":{"index":"index","follow":"follow","max-snippet":"max-snippet:-1","max-image-preview":"max-image-preview:large","max-video-preview":"max-video-preview:-1"},"canonical":"https:\/\/pasyjne.zory.pl\/en\/choirs\/rondo-vocal-ensemble-wroclaw\/","og_locale":"en_US","og_type":"article","og_title":"Rondo Vocal Ensemble \/ Wroc\u0142aw - Mi\u0119dzynarodowy Ekumeniczny Koncert Muzyki Pokutnej i Pasyjnej w \u017borach","og_description":"Rondo Vocal Ensemble \/ Wroc\u0142aw 21st March 2026 r. \/ at 6:00 PMParish of St. App. Philip and Jacob in \u017bory Rondo Vocal Ensemble is a dynamic group of young artists that has been active on the music scene for 20 years. Founded in 2006, the ensemble originally brought together exclusively graduates of the Gra\u017cyna [&hellip;]","og_url":"https:\/\/pasyjne.zory.pl\/en\/choirs\/rondo-vocal-ensemble-wroclaw\/","og_site_name":"Mi\u0119dzynarodowy Ekumeniczny Koncert Muzyki Pokutnej i Pasyjnej w \u017borach","article_modified_time":"2026-03-04T18:59:35+00:00","og_image":[{"width":1024,"height":906,"url":"https:\/\/pasyjne.zory.pl\/wp-content\/uploads\/2026\/01\/Rondo.jpg","type":"image\/jpeg"}],"twitter_card":"summary_large_image","twitter_misc":{"Est. reading time":"4 minutes"},"schema":{"@context":"https:\/\/schema.org","@graph":[{"@type":"WebPage","@id":"https:\/\/pasyjne.zory.pl\/en\/choirs\/rondo-vocal-ensemble-wroclaw\/","url":"https:\/\/pasyjne.zory.pl\/en\/choirs\/rondo-vocal-ensemble-wroclaw\/","name":"Rondo Vocal Ensemble \/ Wroc\u0142aw - Mi\u0119dzynarodowy Ekumeniczny Koncert Muzyki Pokutnej i Pasyjnej w \u017borach","isPartOf":{"@id":"https:\/\/pasyjne.zory.pl\/#website"},"primaryImageOfPage":{"@id":"https:\/\/pasyjne.zory.pl\/en\/choirs\/rondo-vocal-ensemble-wroclaw\/#primaryimage"},"image":{"@id":"https:\/\/pasyjne.zory.pl\/en\/choirs\/rondo-vocal-ensemble-wroclaw\/#primaryimage"},"thumbnailUrl":"https:\/\/pasyjne.zory.pl\/wp-content\/uploads\/2026\/01\/Rondo.jpg","datePublished":"2026-01-27T12:46:11+00:00","dateModified":"2026-03-04T18:59:35+00:00","breadcrumb":{"@id":"https:\/\/pasyjne.zory.pl\/en\/choirs\/rondo-vocal-ensemble-wroclaw\/#breadcrumb"},"inLanguage":"en-US","potentialAction":[{"@type":"ReadAction","target":["https:\/\/pasyjne.zory.pl\/en\/choirs\/rondo-vocal-ensemble-wroclaw\/"]}]},{"@type":"ImageObject","inLanguage":"en-US","@id":"https:\/\/pasyjne.zory.pl\/en\/choirs\/rondo-vocal-ensemble-wroclaw\/#primaryimage","url":"https:\/\/pasyjne.zory.pl\/wp-content\/uploads\/2026\/01\/Rondo.jpg","contentUrl":"https:\/\/pasyjne.zory.pl\/wp-content\/uploads\/2026\/01\/Rondo.jpg"},{"@type":"BreadcrumbList","@id":"https:\/\/pasyjne.zory.pl\/en\/choirs\/rondo-vocal-ensemble-wroclaw\/#breadcrumb","itemListElement":[{"@type":"ListItem","position":1,"name":"Strona g\u0142\u00f3wna","item":"https:\/\/pasyjne.zory.pl\/en\/"},{"@type":"ListItem","position":2,"name":"Choirs","item":"https:\/\/pasyjne.zory.pl\/en\/choirs\/"},{"@type":"ListItem","position":3,"name":"Rondo Vocal Ensemble \/ Wroc\u0142aw"}]},{"@type":"WebSite","@id":"https:\/\/pasyjne.zory.pl\/#website","url":"https:\/\/pasyjne.zory.pl\/","name":"Mi\u0119dzynarodowy Ekumeniczny Koncert Muzyki Pokutnej i Pasyjnej w \u017borach","description":"","publisher":{"@id":"https:\/\/pasyjne.zory.pl\/#organization"},"potentialAction":[{"@type":"SearchAction","target":{"@type":"EntryPoint","urlTemplate":"https:\/\/pasyjne.zory.pl\/?s={search_term_string}"},"query-input":{"@type":"PropertyValueSpecification","valueRequired":true,"valueName":"search_term_string"}}],"inLanguage":"en-US"},{"@type":"Organization","@id":"https:\/\/pasyjne.zory.pl\/#organization","name":"Mi\u0119dzynarodowy Ekumeniczny Koncert Muzyki Pokutnej i Pasyjnej w \u017borach","url":"https:\/\/pasyjne.zory.pl\/","logo":{"@type":"ImageObject","inLanguage":"en-US","@id":"https:\/\/pasyjne.zory.pl\/#\/schema\/logo\/image\/","url":"https:\/\/pasyjne.zory.pl\/wp-content\/uploads\/2024\/02\/logo.png","contentUrl":"https:\/\/pasyjne.zory.pl\/wp-content\/uploads\/2024\/02\/logo.png","width":1000,"height":1000,"caption":"Mi\u0119dzynarodowy Ekumeniczny Koncert Muzyki Pokutnej i Pasyjnej w \u017borach"},"image":{"@id":"https:\/\/pasyjne.zory.pl\/#\/schema\/logo\/image\/"}}]}},"_links":{"self":[{"href":"https:\/\/pasyjne.zory.pl\/en\/wp-json\/wp\/v2\/pages\/1815","targetHints":{"allow":["GET"]}}],"collection":[{"href":"https:\/\/pasyjne.zory.pl\/en\/wp-json\/wp\/v2\/pages"}],"about":[{"href":"https:\/\/pasyjne.zory.pl\/en\/wp-json\/wp\/v2\/types\/page"}],"author":[{"embeddable":true,"href":"https:\/\/pasyjne.zory.pl\/en\/wp-json\/wp\/v2\/users\/1"}],"replies":[{"embeddable":true,"href":"https:\/\/pasyjne.zory.pl\/en\/wp-json\/wp\/v2\/comments?post=1815"}],"version-history":[{"count":5,"href":"https:\/\/pasyjne.zory.pl\/en\/wp-json\/wp\/v2\/pages\/1815\/revisions"}],"predecessor-version":[{"id":1887,"href":"https:\/\/pasyjne.zory.pl\/en\/wp-json\/wp\/v2\/pages\/1815\/revisions\/1887"}],"up":[{"embeddable":true,"href":"https:\/\/pasyjne.zory.pl\/en\/wp-json\/wp\/v2\/pages\/426"}],"wp:attachment":[{"href":"https:\/\/pasyjne.zory.pl\/en\/wp-json\/wp\/v2\/media?parent=1815"}],"curies":[{"name":"wp","href":"https:\/\/api.w.org\/{rel}","templated":true}]}}