{"id":1820,"date":"2026-01-27T13:32:06","date_gmt":"2026-01-27T13:32:06","guid":{"rendered":"https:\/\/pasyjne.zory.pl\/?page_id=1820"},"modified":"2026-03-04T18:46:15","modified_gmt":"2026-03-04T18:46:15","slug":"vox-amici-vocal-ensemble-gliwice","status":"publish","type":"page","link":"https:\/\/pasyjne.zory.pl\/en\/choirs\/vox-amici-vocal-ensemble-gliwice\/","title":{"rendered":"Vox Amici Vocal Ensemble \/ Gliwice"},"content":{"rendered":"\t\t<div data-elementor-type=\"wp-page\" data-elementor-id=\"1820\" class=\"elementor elementor-1820 elementor-1561\" data-elementor-post-type=\"page\">\n\t\t\t\t<div class=\"elementor-element elementor-element-9d22107 e-flex e-con-boxed e-con e-parent\" data-id=\"9d22107\" data-element_type=\"container\" data-e-type=\"container\">\n\t\t\t\t\t<div class=\"e-con-inner\">\n\t\t<div class=\"elementor-element elementor-element-a8e9f93 e-grid e-con-boxed e-con e-child\" data-id=\"a8e9f93\" data-element_type=\"container\" data-e-type=\"container\">\n\t\t\t\t\t<div class=\"e-con-inner\">\n\t\t<div class=\"elementor-element elementor-element-128c792 e-flex e-con-boxed e-con e-child\" data-id=\"128c792\" data-element_type=\"container\" data-e-type=\"container\">\n\t\t\t\t\t<div class=\"e-con-inner\">\n\t\t\t\t<div class=\"elementor-element elementor-element-2e83659 elementor-widget elementor-widget-image\" data-id=\"2e83659\" data-element_type=\"widget\" data-e-type=\"widget\" data-widget_type=\"image.default\">\n\t\t\t\t<div class=\"elementor-widget-container\">\n\t\t\t\t\t\t\t\t\t\t\t\t\t\t\t\t<a href=\"https:\/\/pasyjne.zory.pl\/wp-content\/uploads\/2026\/01\/Vox-Amici-poziom.jpg\" data-elementor-open-lightbox=\"yes\" data-elementor-lightbox-title=\"Vox Amici- poziom\" data-e-action-hash=\"#elementor-action%3Aaction%3Dlightbox%26settings%3DeyJpZCI6MTUyMSwidXJsIjoiaHR0cHM6XC9cL3Bhc3lqbmUuem9yeS5wbFwvd3AtY29udGVudFwvdXBsb2Fkc1wvMjAyNlwvMDFcL1ZveC1BbWljaS1wb3ppb20uanBnIn0%3D\">\n\t\t\t\t\t\t\t<img fetchpriority=\"high\" decoding=\"async\" width=\"1024\" height=\"676\" src=\"https:\/\/pasyjne.zory.pl\/wp-content\/uploads\/2026\/01\/Vox-Amici-poziom.jpg\" class=\"attachment-full size-full wp-image-1521\" alt=\"\" srcset=\"https:\/\/pasyjne.zory.pl\/wp-content\/uploads\/2026\/01\/Vox-Amici-poziom.jpg 1024w, https:\/\/pasyjne.zory.pl\/wp-content\/uploads\/2026\/01\/Vox-Amici-poziom-300x198.jpg 300w, https:\/\/pasyjne.zory.pl\/wp-content\/uploads\/2026\/01\/Vox-Amici-poziom-768x507.jpg 768w\" sizes=\"(max-width: 1024px) 100vw, 1024px\" \/>\t\t\t\t\t\t\t\t<\/a>\n\t\t\t\t\t\t\t\t\t\t\t\t\t\t\t<\/div>\n\t\t\t\t<\/div>\n\t\t\t\t\t<\/div>\n\t\t\t\t<\/div>\n\t\t<div class=\"elementor-element elementor-element-8016984 e-flex e-con-boxed e-con e-child\" data-id=\"8016984\" data-element_type=\"container\" data-e-type=\"container\">\n\t\t\t\t\t<div class=\"e-con-inner\">\n\t\t\t\t<div class=\"elementor-element elementor-element-83a5eca elementor-widget elementor-widget-heading\" data-id=\"83a5eca\" data-element_type=\"widget\" data-e-type=\"widget\" data-widget_type=\"heading.default\">\n\t\t\t\t<div class=\"elementor-widget-container\">\n\t\t\t\t\t<h2 class=\"elementor-heading-title elementor-size-default\">Vox Amici Vocal Ensemble \/ Gliwice<\/h2>\t\t\t\t<\/div>\n\t\t\t\t<\/div>\n\t\t\t\t<div class=\"elementor-element elementor-element-5cbd95a elementor-widget elementor-widget-heading\" data-id=\"5cbd95a\" data-element_type=\"widget\" data-e-type=\"widget\" data-widget_type=\"heading.default\">\n\t\t\t\t<div class=\"elementor-widget-container\">\n\t\t\t\t\t<h3 class=\"elementor-heading-title elementor-size-default\">20 march 2026 r., 18:00, <br>Parafia Ewangelicko-Augsburska w \u017borach, ul. Nowa 18<\/h3>\t\t\t\t<\/div>\n\t\t\t\t<\/div>\n\t\t\t\t\t<\/div>\n\t\t\t\t<\/div>\n\t\t\t\t\t<\/div>\n\t\t\t\t<\/div>\n\t\t\t\t<div class=\"elementor-element elementor-element-27a1891 elementor-widget elementor-widget-text-editor\" data-id=\"27a1891\" data-element_type=\"widget\" data-e-type=\"widget\" data-widget_type=\"text-editor.default\">\n\t\t\t\t<div class=\"elementor-widget-container\">\n\t\t\t\t\t\t\t\t\t<p>Vox Amici Vocal Ensemble \/ Gliwice was founded in 2022 on the initiative of graduates of the vocal and instrumental departments of the Ludomir R\u00f3\u017cycki State Music School I and II Degree in Gliwice, who, years after completing their studies, began to miss singing and decided to create something of their own.<\/p><p>The ensemble has no permanent seat, as its members live in various towns across Silesia. They are enthusiasts who, despite the distances between them, wish to meet in order to enjoy making music together and to perform an interesting, ambitious, and often little-known repertoire in Poland (primarily a cappella).<\/p><p>So far, Vox Amici has given a number of concerts in many churches in Upper Silesia, including at the 9th Toszek Organ Music Festival 2024, as well as at the State Music School I and II Degree in Gliwice.<\/p><p><strong>Major achievements<\/strong>:<\/p><ul><li>3rd Prize and the Audience Award for best ensemble performance at the 33rd Tychy Christmas Carol Evenings (2024),<\/li><li>2nd Prize at the 10th Czes\u0142aw Prudel Choral Song Competition in Lyski,<\/li><li>Grand Prix and Special Prize at the 10th National Early Music Choral Competition named after G. G. Gorczycki Ars Longa in Pozna\u0144 (2024).<\/li><\/ul><p>The artistic director of the ensemble is Krzysztof Hrycyszyn, a graduate of the Karol Szymanowski Academy of Music in Katowice.<\/p>\t\t\t\t\t\t\t\t<\/div>\n\t\t\t\t<\/div>\n\t\t\t\t<div class=\"elementor-element elementor-element-51d400c elementor-widget elementor-widget-image\" data-id=\"51d400c\" data-element_type=\"widget\" data-e-type=\"widget\" data-widget_type=\"image.default\">\n\t\t\t\t<div class=\"elementor-widget-container\">\n\t\t\t\t\t\t\t\t\t\t\t\t\t\t\t\t<a href=\"https:\/\/pasyjne.zory.pl\/wp-content\/uploads\/2026\/01\/Krzysztof-Hrycyszyn.jpg\" data-elementor-open-lightbox=\"yes\" data-elementor-lightbox-title=\"Krzysztof Hrycyszyn\" data-e-action-hash=\"#elementor-action%3Aaction%3Dlightbox%26settings%3DeyJpZCI6MTYzMywidXJsIjoiaHR0cHM6XC9cL3Bhc3lqbmUuem9yeS5wbFwvd3AtY29udGVudFwvdXBsb2Fkc1wvMjAyNlwvMDFcL0tyenlzenRvZi1IcnljeXN6eW4uanBnIn0%3D\">\n\t\t\t\t\t\t\t<img decoding=\"async\" width=\"852\" height=\"1280\" src=\"https:\/\/pasyjne.zory.pl\/wp-content\/uploads\/2026\/01\/Krzysztof-Hrycyszyn.jpg\" class=\"attachment-full size-full wp-image-1633\" alt=\"\" srcset=\"https:\/\/pasyjne.zory.pl\/wp-content\/uploads\/2026\/01\/Krzysztof-Hrycyszyn.jpg 852w, https:\/\/pasyjne.zory.pl\/wp-content\/uploads\/2026\/01\/Krzysztof-Hrycyszyn-200x300.jpg 200w, https:\/\/pasyjne.zory.pl\/wp-content\/uploads\/2026\/01\/Krzysztof-Hrycyszyn-682x1024.jpg 682w, https:\/\/pasyjne.zory.pl\/wp-content\/uploads\/2026\/01\/Krzysztof-Hrycyszyn-768x1154.jpg 768w\" sizes=\"(max-width: 852px) 100vw, 852px\" \/>\t\t\t\t\t\t\t\t<\/a>\n\t\t\t\t\t\t\t\t\t\t\t\t\t\t\t<\/div>\n\t\t\t\t<\/div>\n\t\t\t\t<div class=\"elementor-element elementor-element-d573ebd elementor-widget elementor-widget-text-editor\" data-id=\"d573ebd\" data-element_type=\"widget\" data-e-type=\"widget\" data-widget_type=\"text-editor.default\">\n\t\t\t\t<div class=\"elementor-widget-container\">\n\t\t\t\t\t\t\t\t\t<p>Krzysztof Hrycyszyn \u2013 a graduate of the Karol Szymanowski Academy of Music in Katowice, where he studied conducting under Prof. Krystyna Krzy\u017canowska- \u0141oboda. He is currently professionally associated with the Ludomir R\u00f3\u017cycki State Music School in Gliwice, working as a teacher of theoretical subjects and leading the school choir.<\/p><p>From 2015 to 2022, he was a long-standing member of the Polish National Youth Choir, and between 2016 and 2023 he performed as a chorister with the Silesian Opera. In 2023, he also collaborated with the National Forum of Music Choir. His artistic output includes numerous opera productions, a wide range of vocal-instrumental and oratorio works, as well as an extensive repertoire of Polish and international a cappella choral music \u2013 from Renaissance masterpieces to contemporary compositions.<\/p><p>Since 2019, he has served as conductor of the parish choir Laudemus Mariam in Gliwice, and since 2022 he has been the artistic supervisor of The Vox Amici Vocal Ensemble.<\/p><p>He considers his most important artistic achievements to include participation in two notable album recordings: Dance of Death with the National Forum of Music Choir (2023) and Edward Elgar\u2019s oratorio The Dream of Gerontius with the Polish National Youth Choir (2023). Significant milestones in his artistic development also include his conducting diploma concert (2020), featuring British a cappella choral music, and winning the Grand Prix at the 10th National Ars Longa Competition in Pozna\u0144 together with The Vox Amici Vocal Ensemble.<\/p>\t\t\t\t\t\t\t\t<\/div>\n\t\t\t\t<\/div>\n\t\t\t\t\t<\/div>\n\t\t\t\t<\/div>\n\t\t\t\t<\/div>\n\t\t","protected":false},"excerpt":{"rendered":"<p>Vox Amici Vocal Ensemble \/ Gliwice 20 march 2026 r., 18:00, Parafia Ewangelicko-Augsburska w \u017borach, ul. Nowa 18 Vox Amici Vocal Ensemble \/ Gliwice was founded in 2022 on the initiative of graduates of the vocal and instrumental departments of the Ludomir R\u00f3\u017cycki State Music School I and II Degree in Gliwice, who, years after [&hellip;]<\/p>\n","protected":false},"author":1,"featured_media":0,"parent":426,"menu_order":0,"comment_status":"closed","ping_status":"closed","template":"","meta":{"footnotes":""},"class_list":["post-1820","page","type-page","status-publish","hentry"],"yoast_head":"<!-- This site is optimized with the Yoast SEO plugin v27.5 - https:\/\/yoast.com\/product\/yoast-seo-wordpress\/ -->\n<title>Vox Amici Vocal Ensemble \/ Gliwice - Mi\u0119dzynarodowy Ekumeniczny Koncert Muzyki Pokutnej i Pasyjnej w \u017borach<\/title>\n<meta name=\"robots\" content=\"index, follow, max-snippet:-1, max-image-preview:large, max-video-preview:-1\" \/>\n<link rel=\"canonical\" href=\"https:\/\/pasyjne.zory.pl\/en\/choirs\/vox-amici-vocal-ensemble-gliwice\/\" \/>\n<meta property=\"og:locale\" content=\"en_US\" \/>\n<meta property=\"og:type\" content=\"article\" \/>\n<meta property=\"og:title\" content=\"Vox Amici Vocal Ensemble \/ Gliwice - Mi\u0119dzynarodowy Ekumeniczny Koncert Muzyki Pokutnej i Pasyjnej w \u017borach\" \/>\n<meta property=\"og:description\" content=\"Vox Amici Vocal Ensemble \/ Gliwice 20 march 2026 r., 18:00, Parafia Ewangelicko-Augsburska w \u017borach, ul. Nowa 18 Vox Amici Vocal Ensemble \/ Gliwice was founded in 2022 on the initiative of graduates of the vocal and instrumental departments of the Ludomir R\u00f3\u017cycki State Music School I and II Degree in Gliwice, who, years after [&hellip;]\" \/>\n<meta property=\"og:url\" content=\"https:\/\/pasyjne.zory.pl\/en\/choirs\/vox-amici-vocal-ensemble-gliwice\/\" \/>\n<meta property=\"og:site_name\" content=\"Mi\u0119dzynarodowy Ekumeniczny Koncert Muzyki Pokutnej i Pasyjnej w \u017borach\" \/>\n<meta property=\"article:modified_time\" content=\"2026-03-04T18:46:15+00:00\" \/>\n<meta property=\"og:image\" content=\"https:\/\/pasyjne.zory.pl\/wp-content\/uploads\/2026\/01\/Vox-Amici-poziom.jpg\" \/>\n\t<meta property=\"og:image:width\" content=\"1024\" \/>\n\t<meta property=\"og:image:height\" content=\"676\" \/>\n\t<meta property=\"og:image:type\" content=\"image\/jpeg\" \/>\n<meta name=\"twitter:card\" content=\"summary_large_image\" \/>\n<meta name=\"twitter:label1\" content=\"Est. reading time\" \/>\n\t<meta name=\"twitter:data1\" content=\"3 minutes\" \/>\n<script type=\"application\/ld+json\" class=\"yoast-schema-graph\">{\"@context\":\"https:\\\/\\\/schema.org\",\"@graph\":[{\"@type\":\"WebPage\",\"@id\":\"https:\\\/\\\/pasyjne.zory.pl\\\/en\\\/choirs\\\/vox-amici-vocal-ensemble-gliwice\\\/\",\"url\":\"https:\\\/\\\/pasyjne.zory.pl\\\/en\\\/choirs\\\/vox-amici-vocal-ensemble-gliwice\\\/\",\"name\":\"Vox Amici Vocal Ensemble \\\/ Gliwice - Mi\u0119dzynarodowy Ekumeniczny Koncert Muzyki Pokutnej i Pasyjnej w \u017borach\",\"isPartOf\":{\"@id\":\"https:\\\/\\\/pasyjne.zory.pl\\\/#website\"},\"primaryImageOfPage\":{\"@id\":\"https:\\\/\\\/pasyjne.zory.pl\\\/en\\\/choirs\\\/vox-amici-vocal-ensemble-gliwice\\\/#primaryimage\"},\"image\":{\"@id\":\"https:\\\/\\\/pasyjne.zory.pl\\\/en\\\/choirs\\\/vox-amici-vocal-ensemble-gliwice\\\/#primaryimage\"},\"thumbnailUrl\":\"https:\\\/\\\/pasyjne.zory.pl\\\/wp-content\\\/uploads\\\/2026\\\/01\\\/Vox-Amici-poziom.jpg\",\"datePublished\":\"2026-01-27T13:32:06+00:00\",\"dateModified\":\"2026-03-04T18:46:15+00:00\",\"breadcrumb\":{\"@id\":\"https:\\\/\\\/pasyjne.zory.pl\\\/en\\\/choirs\\\/vox-amici-vocal-ensemble-gliwice\\\/#breadcrumb\"},\"inLanguage\":\"en-US\",\"potentialAction\":[{\"@type\":\"ReadAction\",\"target\":[\"https:\\\/\\\/pasyjne.zory.pl\\\/en\\\/choirs\\\/vox-amici-vocal-ensemble-gliwice\\\/\"]}]},{\"@type\":\"ImageObject\",\"inLanguage\":\"en-US\",\"@id\":\"https:\\\/\\\/pasyjne.zory.pl\\\/en\\\/choirs\\\/vox-amici-vocal-ensemble-gliwice\\\/#primaryimage\",\"url\":\"https:\\\/\\\/pasyjne.zory.pl\\\/wp-content\\\/uploads\\\/2026\\\/01\\\/Vox-Amici-poziom.jpg\",\"contentUrl\":\"https:\\\/\\\/pasyjne.zory.pl\\\/wp-content\\\/uploads\\\/2026\\\/01\\\/Vox-Amici-poziom.jpg\"},{\"@type\":\"BreadcrumbList\",\"@id\":\"https:\\\/\\\/pasyjne.zory.pl\\\/en\\\/choirs\\\/vox-amici-vocal-ensemble-gliwice\\\/#breadcrumb\",\"itemListElement\":[{\"@type\":\"ListItem\",\"position\":1,\"name\":\"Strona g\u0142\u00f3wna\",\"item\":\"https:\\\/\\\/pasyjne.zory.pl\\\/en\\\/\"},{\"@type\":\"ListItem\",\"position\":2,\"name\":\"Choirs\",\"item\":\"https:\\\/\\\/pasyjne.zory.pl\\\/en\\\/choirs\\\/\"},{\"@type\":\"ListItem\",\"position\":3,\"name\":\"Vox Amici Vocal Ensemble \\\/ Gliwice\"}]},{\"@type\":\"WebSite\",\"@id\":\"https:\\\/\\\/pasyjne.zory.pl\\\/#website\",\"url\":\"https:\\\/\\\/pasyjne.zory.pl\\\/\",\"name\":\"Mi\u0119dzynarodowy Ekumeniczny Koncert Muzyki Pokutnej i Pasyjnej w \u017borach\",\"description\":\"\",\"publisher\":{\"@id\":\"https:\\\/\\\/pasyjne.zory.pl\\\/#organization\"},\"potentialAction\":[{\"@type\":\"SearchAction\",\"target\":{\"@type\":\"EntryPoint\",\"urlTemplate\":\"https:\\\/\\\/pasyjne.zory.pl\\\/?s={search_term_string}\"},\"query-input\":{\"@type\":\"PropertyValueSpecification\",\"valueRequired\":true,\"valueName\":\"search_term_string\"}}],\"inLanguage\":\"en-US\"},{\"@type\":\"Organization\",\"@id\":\"https:\\\/\\\/pasyjne.zory.pl\\\/#organization\",\"name\":\"Mi\u0119dzynarodowy Ekumeniczny Koncert Muzyki Pokutnej i Pasyjnej w \u017borach\",\"url\":\"https:\\\/\\\/pasyjne.zory.pl\\\/\",\"logo\":{\"@type\":\"ImageObject\",\"inLanguage\":\"en-US\",\"@id\":\"https:\\\/\\\/pasyjne.zory.pl\\\/#\\\/schema\\\/logo\\\/image\\\/\",\"url\":\"https:\\\/\\\/pasyjne.zory.pl\\\/wp-content\\\/uploads\\\/2024\\\/02\\\/logo.png\",\"contentUrl\":\"https:\\\/\\\/pasyjne.zory.pl\\\/wp-content\\\/uploads\\\/2024\\\/02\\\/logo.png\",\"width\":1000,\"height\":1000,\"caption\":\"Mi\u0119dzynarodowy Ekumeniczny Koncert Muzyki Pokutnej i Pasyjnej w \u017borach\"},\"image\":{\"@id\":\"https:\\\/\\\/pasyjne.zory.pl\\\/#\\\/schema\\\/logo\\\/image\\\/\"}}]}<\/script>\n<!-- \/ Yoast SEO plugin. -->","yoast_head_json":{"title":"Vox Amici Vocal Ensemble \/ Gliwice - Mi\u0119dzynarodowy Ekumeniczny Koncert Muzyki Pokutnej i Pasyjnej w \u017borach","robots":{"index":"index","follow":"follow","max-snippet":"max-snippet:-1","max-image-preview":"max-image-preview:large","max-video-preview":"max-video-preview:-1"},"canonical":"https:\/\/pasyjne.zory.pl\/en\/choirs\/vox-amici-vocal-ensemble-gliwice\/","og_locale":"en_US","og_type":"article","og_title":"Vox Amici Vocal Ensemble \/ Gliwice - Mi\u0119dzynarodowy Ekumeniczny Koncert Muzyki Pokutnej i Pasyjnej w \u017borach","og_description":"Vox Amici Vocal Ensemble \/ Gliwice 20 march 2026 r., 18:00, Parafia Ewangelicko-Augsburska w \u017borach, ul. Nowa 18 Vox Amici Vocal Ensemble \/ Gliwice was founded in 2022 on the initiative of graduates of the vocal and instrumental departments of the Ludomir R\u00f3\u017cycki State Music School I and II Degree in Gliwice, who, years after [&hellip;]","og_url":"https:\/\/pasyjne.zory.pl\/en\/choirs\/vox-amici-vocal-ensemble-gliwice\/","og_site_name":"Mi\u0119dzynarodowy Ekumeniczny Koncert Muzyki Pokutnej i Pasyjnej w \u017borach","article_modified_time":"2026-03-04T18:46:15+00:00","og_image":[{"width":1024,"height":676,"url":"https:\/\/pasyjne.zory.pl\/wp-content\/uploads\/2026\/01\/Vox-Amici-poziom.jpg","type":"image\/jpeg"}],"twitter_card":"summary_large_image","twitter_misc":{"Est. reading time":"3 minutes"},"schema":{"@context":"https:\/\/schema.org","@graph":[{"@type":"WebPage","@id":"https:\/\/pasyjne.zory.pl\/en\/choirs\/vox-amici-vocal-ensemble-gliwice\/","url":"https:\/\/pasyjne.zory.pl\/en\/choirs\/vox-amici-vocal-ensemble-gliwice\/","name":"Vox Amici Vocal Ensemble \/ Gliwice - Mi\u0119dzynarodowy Ekumeniczny Koncert Muzyki Pokutnej i Pasyjnej w \u017borach","isPartOf":{"@id":"https:\/\/pasyjne.zory.pl\/#website"},"primaryImageOfPage":{"@id":"https:\/\/pasyjne.zory.pl\/en\/choirs\/vox-amici-vocal-ensemble-gliwice\/#primaryimage"},"image":{"@id":"https:\/\/pasyjne.zory.pl\/en\/choirs\/vox-amici-vocal-ensemble-gliwice\/#primaryimage"},"thumbnailUrl":"https:\/\/pasyjne.zory.pl\/wp-content\/uploads\/2026\/01\/Vox-Amici-poziom.jpg","datePublished":"2026-01-27T13:32:06+00:00","dateModified":"2026-03-04T18:46:15+00:00","breadcrumb":{"@id":"https:\/\/pasyjne.zory.pl\/en\/choirs\/vox-amici-vocal-ensemble-gliwice\/#breadcrumb"},"inLanguage":"en-US","potentialAction":[{"@type":"ReadAction","target":["https:\/\/pasyjne.zory.pl\/en\/choirs\/vox-amici-vocal-ensemble-gliwice\/"]}]},{"@type":"ImageObject","inLanguage":"en-US","@id":"https:\/\/pasyjne.zory.pl\/en\/choirs\/vox-amici-vocal-ensemble-gliwice\/#primaryimage","url":"https:\/\/pasyjne.zory.pl\/wp-content\/uploads\/2026\/01\/Vox-Amici-poziom.jpg","contentUrl":"https:\/\/pasyjne.zory.pl\/wp-content\/uploads\/2026\/01\/Vox-Amici-poziom.jpg"},{"@type":"BreadcrumbList","@id":"https:\/\/pasyjne.zory.pl\/en\/choirs\/vox-amici-vocal-ensemble-gliwice\/#breadcrumb","itemListElement":[{"@type":"ListItem","position":1,"name":"Strona g\u0142\u00f3wna","item":"https:\/\/pasyjne.zory.pl\/en\/"},{"@type":"ListItem","position":2,"name":"Choirs","item":"https:\/\/pasyjne.zory.pl\/en\/choirs\/"},{"@type":"ListItem","position":3,"name":"Vox Amici Vocal Ensemble \/ Gliwice"}]},{"@type":"WebSite","@id":"https:\/\/pasyjne.zory.pl\/#website","url":"https:\/\/pasyjne.zory.pl\/","name":"Mi\u0119dzynarodowy Ekumeniczny Koncert Muzyki Pokutnej i Pasyjnej w \u017borach","description":"","publisher":{"@id":"https:\/\/pasyjne.zory.pl\/#organization"},"potentialAction":[{"@type":"SearchAction","target":{"@type":"EntryPoint","urlTemplate":"https:\/\/pasyjne.zory.pl\/?s={search_term_string}"},"query-input":{"@type":"PropertyValueSpecification","valueRequired":true,"valueName":"search_term_string"}}],"inLanguage":"en-US"},{"@type":"Organization","@id":"https:\/\/pasyjne.zory.pl\/#organization","name":"Mi\u0119dzynarodowy Ekumeniczny Koncert Muzyki Pokutnej i Pasyjnej w \u017borach","url":"https:\/\/pasyjne.zory.pl\/","logo":{"@type":"ImageObject","inLanguage":"en-US","@id":"https:\/\/pasyjne.zory.pl\/#\/schema\/logo\/image\/","url":"https:\/\/pasyjne.zory.pl\/wp-content\/uploads\/2024\/02\/logo.png","contentUrl":"https:\/\/pasyjne.zory.pl\/wp-content\/uploads\/2024\/02\/logo.png","width":1000,"height":1000,"caption":"Mi\u0119dzynarodowy Ekumeniczny Koncert Muzyki Pokutnej i Pasyjnej w \u017borach"},"image":{"@id":"https:\/\/pasyjne.zory.pl\/#\/schema\/logo\/image\/"}}]}},"_links":{"self":[{"href":"https:\/\/pasyjne.zory.pl\/en\/wp-json\/wp\/v2\/pages\/1820","targetHints":{"allow":["GET"]}}],"collection":[{"href":"https:\/\/pasyjne.zory.pl\/en\/wp-json\/wp\/v2\/pages"}],"about":[{"href":"https:\/\/pasyjne.zory.pl\/en\/wp-json\/wp\/v2\/types\/page"}],"author":[{"embeddable":true,"href":"https:\/\/pasyjne.zory.pl\/en\/wp-json\/wp\/v2\/users\/1"}],"replies":[{"embeddable":true,"href":"https:\/\/pasyjne.zory.pl\/en\/wp-json\/wp\/v2\/comments?post=1820"}],"version-history":[{"count":6,"href":"https:\/\/pasyjne.zory.pl\/en\/wp-json\/wp\/v2\/pages\/1820\/revisions"}],"predecessor-version":[{"id":1894,"href":"https:\/\/pasyjne.zory.pl\/en\/wp-json\/wp\/v2\/pages\/1820\/revisions\/1894"}],"up":[{"embeddable":true,"href":"https:\/\/pasyjne.zory.pl\/en\/wp-json\/wp\/v2\/pages\/426"}],"wp:attachment":[{"href":"https:\/\/pasyjne.zory.pl\/en\/wp-json\/wp\/v2\/media?parent=1820"}],"curies":[{"name":"wp","href":"https:\/\/api.w.org\/{rel}","templated":true}]}}