{"id":447,"date":"2024-02-27T22:19:50","date_gmt":"2024-02-27T22:19:50","guid":{"rendered":"https:\/\/tender-bouman.46-242-128-94.plesk.page\/?page_id=447"},"modified":"2024-02-28T12:55:40","modified_gmt":"2024-02-28T12:55:40","slug":"contact","status":"publish","type":"page","link":"https:\/\/pasyjne.zory.pl\/en\/contact\/","title":{"rendered":"Contact"},"content":{"rendered":"\t\t<div data-elementor-type=\"wp-page\" data-elementor-id=\"447\" class=\"elementor elementor-447 elementor-401\" data-elementor-post-type=\"page\">\n\t\t\t\t<div class=\"elementor-element elementor-element-0c6fb00 e-flex e-con-boxed e-con e-parent\" data-id=\"0c6fb00\" data-element_type=\"container\" data-e-type=\"container\">\n\t\t\t\t\t<div class=\"e-con-inner\">\n\t\t\t\t<div class=\"elementor-element elementor-element-fb37ee8 elementor-widget elementor-widget-heading\" data-id=\"fb37ee8\" data-element_type=\"widget\" data-e-type=\"widget\" data-widget_type=\"heading.default\">\n\t\t\t\t<div class=\"elementor-widget-container\">\n\t\t\t\t\t<h1 class=\"elementor-heading-title elementor-size-default\">Contact<\/h1>\t\t\t\t<\/div>\n\t\t\t\t<\/div>\n\t\t\t\t<div class=\"elementor-element elementor-element-9d23c0c elementor-widget elementor-widget-text-editor\" data-id=\"9d23c0c\" data-element_type=\"widget\" data-e-type=\"widget\" data-widget_type=\"text-editor.default\">\n\t\t\t\t<div class=\"elementor-widget-container\">\n\t\t\t\t\t\t\t\t\t<p>The Office of the International Ecumenical Concert of Penitential and Passion Music in \u017bory<\/p><p>At the Parish of St. App. Philip and Jacob, 16 Garncarska Street, 44-240 \u017bory.<\/p><p><a href=\"https:\/\/www.filipjakub.pl\" target=\"_blank\" rel=\"noopener\">www.filipjakub.pl<\/a><\/p><p>Detailed information is provided by<\/p>\t\t\t\t\t\t\t\t<\/div>\n\t\t\t\t<\/div>\n\t\t<div class=\"elementor-element elementor-element-a12cd29 elementor-hidden-tablet elementor-hidden-mobile e-grid e-con-boxed e-con e-child\" data-id=\"a12cd29\" data-element_type=\"container\" data-e-type=\"container\">\n\t\t\t\t\t<div class=\"e-con-inner\">\n\t\t<div class=\"elementor-element elementor-element-728ba45 e-flex e-con-boxed e-con e-child\" data-id=\"728ba45\" data-element_type=\"container\" data-e-type=\"container\">\n\t\t\t\t\t<div class=\"e-con-inner\">\n\t\t\t\t<div class=\"elementor-element elementor-element-b037c4c elementor-widget elementor-widget-heading\" data-id=\"b037c4c\" data-element_type=\"widget\" data-e-type=\"widget\" data-widget_type=\"heading.default\">\n\t\t\t\t<div class=\"elementor-widget-container\">\n\t\t\t\t\t<h2 class=\"elementor-heading-title elementor-size-default\">Organizational Director: <br>Ewa Adamczyk-\u015acibik <\/h2>\t\t\t\t<\/div>\n\t\t\t\t<\/div>\n\t\t<div class=\"elementor-element elementor-element-ab9cecd e-flex e-con-boxed e-con e-child\" data-id=\"ab9cecd\" data-element_type=\"container\" data-e-type=\"container\">\n\t\t\t\t\t<div class=\"e-con-inner\">\n\t\t\t\t<div class=\"elementor-element elementor-element-1af5b40 elementor-view-default elementor-widget elementor-widget-icon\" data-id=\"1af5b40\" data-element_type=\"widget\" data-e-type=\"widget\" data-widget_type=\"icon.default\">\n\t\t\t\t<div class=\"elementor-widget-container\">\n\t\t\t\t\t\t\t<div class=\"elementor-icon-wrapper\">\n\t\t\t<div class=\"elementor-icon\">\n\t\t\t<svg xmlns=\"http:\/\/www.w3.org\/2000\/svg\" xmlns:xlink=\"http:\/\/www.w3.org\/1999\/xlink\" x=\"0px\" y=\"0px\" viewBox=\"0 0 64 64\" style=\"enable-background:new 0 0 64 64;\" xml:space=\"preserve\"><g>\t<path d=\"M48.6,60.9c-8.1,0-19.6-5.8-30.2-15.8C4,31.3-2.1,15.9,4.3,9.1c0.3-0.3,0.7-0.6,1.1-0.8l8.1-4.6c2.1-1.2,4.7-0.6,6.1,1.4  l5.9,8.4c0.7,1,1,2.2,0.7,3.4C26,18,25.3,19,24.3,19.7L20.8,22c2.7,3.9,10,13.6,21.6,20.5c0.1,0.1,0.2,0,0.2,0l2.5-3.4  c1.4-1.9,4.1-2.4,6.2-1.1l8.8,5.6c2.1,1.3,2.7,4,1.4,6.1l-4.8,7.7c-0.3,0.4-0.6,0.8-0.9,1.1C54,60.1,51.5,60.9,48.6,60.9z   M15.8,7.6C15.8,7.6,15.7,7.6,15.8,7.6l-8.2,4.6c-3.8,4.1,0.9,17.2,14,29.6c13.3,12.6,27,17.1,31.4,13.3l0,0c0,0,0,0,0,0l4.8-7.7  l-8.8-5.6c-0.1,0-0.2,0-0.2,0l-2.5,3.4c-1.4,1.9-4.1,2.4-6.1,1.2c-12.5-7.5-20.3-17.9-23.1-22c-0.7-1-0.9-2.2-0.7-3.3  c0.2-1.2,0.9-2.2,1.9-2.8l3.5-2.3l-5.8-8.3C15.9,7.7,15.8,7.6,15.8,7.6z\"><\/path><\/g><\/svg>\t\t\t<\/div>\n\t\t<\/div>\n\t\t\t\t\t\t<\/div>\n\t\t\t\t<\/div>\n\t\t\t\t<div class=\"elementor-element elementor-element-f2d3d28 elementor-widget elementor-widget-heading\" data-id=\"f2d3d28\" data-element_type=\"widget\" data-e-type=\"widget\" data-widget_type=\"heading.default\">\n\t\t\t\t<div class=\"elementor-widget-container\">\n\t\t\t\t\t<p class=\"elementor-heading-title elementor-size-default\"><a href=\"tel:%20+48%20604%20185%20073\">tel. +48 604 185 073<\/a><\/p>\t\t\t\t<\/div>\n\t\t\t\t<\/div>\n\t\t\t\t\t<\/div>\n\t\t\t\t<\/div>\n\t\t\t\t\t<\/div>\n\t\t\t\t<\/div>\n\t\t<div class=\"elementor-element elementor-element-6c07c58 e-flex e-con-boxed e-con e-child\" data-id=\"6c07c58\" data-element_type=\"container\" data-e-type=\"container\">\n\t\t\t\t\t<div class=\"e-con-inner\">\n\t\t\t\t<div class=\"elementor-element elementor-element-fdc1846 elementor-widget elementor-widget-heading\" data-id=\"fdc1846\" data-element_type=\"widget\" data-e-type=\"widget\" data-widget_type=\"heading.default\">\n\t\t\t\t<div class=\"elementor-widget-container\">\n\t\t\t\t\t<h2 class=\"elementor-heading-title elementor-size-default\">Office Manager: <br>Maria Kaczmarczyk<\/h2>\t\t\t\t<\/div>\n\t\t\t\t<\/div>\n\t\t<div class=\"elementor-element elementor-element-57940b8 e-flex e-con-boxed e-con e-child\" data-id=\"57940b8\" data-element_type=\"container\" data-e-type=\"container\">\n\t\t\t\t\t<div class=\"e-con-inner\">\n\t\t\t\t<div class=\"elementor-element elementor-element-25832d1 elementor-view-default elementor-widget elementor-widget-icon\" data-id=\"25832d1\" data-element_type=\"widget\" data-e-type=\"widget\" data-widget_type=\"icon.default\">\n\t\t\t\t<div class=\"elementor-widget-container\">\n\t\t\t\t\t\t\t<div class=\"elementor-icon-wrapper\">\n\t\t\t<div class=\"elementor-icon\">\n\t\t\t<svg xmlns=\"http:\/\/www.w3.org\/2000\/svg\" xmlns:xlink=\"http:\/\/www.w3.org\/1999\/xlink\" x=\"0px\" y=\"0px\" viewBox=\"0 0 64 64\" style=\"enable-background:new 0 0 64 64;\" xml:space=\"preserve\"><g>\t<path d=\"M48.6,60.9c-8.1,0-19.6-5.8-30.2-15.8C4,31.3-2.1,15.9,4.3,9.1c0.3-0.3,0.7-0.6,1.1-0.8l8.1-4.6c2.1-1.2,4.7-0.6,6.1,1.4  l5.9,8.4c0.7,1,1,2.2,0.7,3.4C26,18,25.3,19,24.3,19.7L20.8,22c2.7,3.9,10,13.6,21.6,20.5c0.1,0.1,0.2,0,0.2,0l2.5-3.4  c1.4-1.9,4.1-2.4,6.2-1.1l8.8,5.6c2.1,1.3,2.7,4,1.4,6.1l-4.8,7.7c-0.3,0.4-0.6,0.8-0.9,1.1C54,60.1,51.5,60.9,48.6,60.9z   M15.8,7.6C15.8,7.6,15.7,7.6,15.8,7.6l-8.2,4.6c-3.8,4.1,0.9,17.2,14,29.6c13.3,12.6,27,17.1,31.4,13.3l0,0c0,0,0,0,0,0l4.8-7.7  l-8.8-5.6c-0.1,0-0.2,0-0.2,0l-2.5,3.4c-1.4,1.9-4.1,2.4-6.1,1.2c-12.5-7.5-20.3-17.9-23.1-22c-0.7-1-0.9-2.2-0.7-3.3  c0.2-1.2,0.9-2.2,1.9-2.8l3.5-2.3l-5.8-8.3C15.9,7.7,15.8,7.6,15.8,7.6z\"><\/path><\/g><\/svg>\t\t\t<\/div>\n\t\t<\/div>\n\t\t\t\t\t\t<\/div>\n\t\t\t\t<\/div>\n\t\t\t\t<div class=\"elementor-element elementor-element-e919ab3 elementor-widget elementor-widget-heading\" data-id=\"e919ab3\" data-element_type=\"widget\" data-e-type=\"widget\" data-widget_type=\"heading.default\">\n\t\t\t\t<div class=\"elementor-widget-container\">\n\t\t\t\t\t<p class=\"elementor-heading-title elementor-size-default\"><a href=\"tel:%20+48%20606%20872%20493\">tel. +48 606 872 493<\/a><\/p>\t\t\t\t<\/div>\n\t\t\t\t<\/div>\n\t\t\t\t\t<\/div>\n\t\t\t\t<\/div>\n\t\t\t\t\t<\/div>\n\t\t\t\t<\/div>\n\t\t<div class=\"elementor-element elementor-element-e392315 e-flex e-con-boxed e-con e-child\" data-id=\"e392315\" data-element_type=\"container\" data-e-type=\"container\">\n\t\t\t\t\t<div class=\"e-con-inner\">\n\t\t\t\t<div class=\"elementor-element elementor-element-d27e9a2 elementor-widget elementor-widget-heading\" data-id=\"d27e9a2\" data-element_type=\"widget\" data-e-type=\"widget\" data-widget_type=\"heading.default\">\n\t\t\t\t<div class=\"elementor-widget-container\">\n\t\t\t\t\t<h2 class=\"elementor-heading-title elementor-size-default\">Promotion and logistics coordinator (media) : <br>Krzysztof \u015acibik<\/h2>\t\t\t\t<\/div>\n\t\t\t\t<\/div>\n\t\t<div class=\"elementor-element elementor-element-2141ac2 e-flex e-con-boxed e-con e-child\" data-id=\"2141ac2\" data-element_type=\"container\" data-e-type=\"container\">\n\t\t\t\t\t<div class=\"e-con-inner\">\n\t\t\t\t<div class=\"elementor-element elementor-element-8fa20cf elementor-view-default elementor-widget elementor-widget-icon\" data-id=\"8fa20cf\" data-element_type=\"widget\" data-e-type=\"widget\" data-widget_type=\"icon.default\">\n\t\t\t\t<div class=\"elementor-widget-container\">\n\t\t\t\t\t\t\t<div class=\"elementor-icon-wrapper\">\n\t\t\t<div class=\"elementor-icon\">\n\t\t\t<svg xmlns=\"http:\/\/www.w3.org\/2000\/svg\" xmlns:xlink=\"http:\/\/www.w3.org\/1999\/xlink\" x=\"0px\" y=\"0px\" viewBox=\"0 0 64 64\" style=\"enable-background:new 0 0 64 64;\" xml:space=\"preserve\"><g>\t<path d=\"M48.6,60.9c-8.1,0-19.6-5.8-30.2-15.8C4,31.3-2.1,15.9,4.3,9.1c0.3-0.3,0.7-0.6,1.1-0.8l8.1-4.6c2.1-1.2,4.7-0.6,6.1,1.4  l5.9,8.4c0.7,1,1,2.2,0.7,3.4C26,18,25.3,19,24.3,19.7L20.8,22c2.7,3.9,10,13.6,21.6,20.5c0.1,0.1,0.2,0,0.2,0l2.5-3.4  c1.4-1.9,4.1-2.4,6.2-1.1l8.8,5.6c2.1,1.3,2.7,4,1.4,6.1l-4.8,7.7c-0.3,0.4-0.6,0.8-0.9,1.1C54,60.1,51.5,60.9,48.6,60.9z   M15.8,7.6C15.8,7.6,15.7,7.6,15.8,7.6l-8.2,4.6c-3.8,4.1,0.9,17.2,14,29.6c13.3,12.6,27,17.1,31.4,13.3l0,0c0,0,0,0,0,0l4.8-7.7  l-8.8-5.6c-0.1,0-0.2,0-0.2,0l-2.5,3.4c-1.4,1.9-4.1,2.4-6.1,1.2c-12.5-7.5-20.3-17.9-23.1-22c-0.7-1-0.9-2.2-0.7-3.3  c0.2-1.2,0.9-2.2,1.9-2.8l3.5-2.3l-5.8-8.3C15.9,7.7,15.8,7.6,15.8,7.6z\"><\/path><\/g><\/svg>\t\t\t<\/div>\n\t\t<\/div>\n\t\t\t\t\t\t<\/div>\n\t\t\t\t<\/div>\n\t\t\t\t<div class=\"elementor-element elementor-element-970c887 elementor-widget elementor-widget-heading\" data-id=\"970c887\" data-element_type=\"widget\" data-e-type=\"widget\" data-widget_type=\"heading.default\">\n\t\t\t\t<div class=\"elementor-widget-container\">\n\t\t\t\t\t<p class=\"elementor-heading-title elementor-size-default\"><a href=\"tel:%20+48%20600%20154%20045\">tel. +48 600 154 045<\/a><\/p>\t\t\t\t<\/div>\n\t\t\t\t<\/div>\n\t\t\t\t\t<\/div>\n\t\t\t\t<\/div>\n\t\t\t\t\t<\/div>\n\t\t\t\t<\/div>\n\t\t\t\t\t<\/div>\n\t\t\t\t<\/div>\n\t\t\t\t<div class=\"elementor-element elementor-element-cbd9920 elementor-widget elementor-widget-text-editor\" data-id=\"cbd9920\" data-element_type=\"widget\" data-e-type=\"widget\" data-widget_type=\"text-editor.default\">\n\t\t\t\t<div class=\"elementor-widget-container\">\n\t\t\t\t\t\t\t\t\t<p>e-mail: pasyjne.zory@interia.pl<br \/>website. www.pasyjne.zory.pl<\/p><p>Groups interested in participating in the Concert in \u017bory are asked to contact via e-mail <u><a href=\"mailto:pasyjne.zory@interia.pl\">pasyjne.zory@interia.pl<\/a><\/u>\u00a0or<\/p>\t\t\t\t\t\t\t\t<\/div>\n\t\t\t\t<\/div>\n\t\t<div class=\"elementor-element elementor-element-b2699ee e-flex e-con-boxed e-con e-child\" data-id=\"b2699ee\" data-element_type=\"container\" data-e-type=\"container\">\n\t\t\t\t\t<div class=\"e-con-inner\">\n\t\t\t\t<div class=\"elementor-element elementor-element-046c51b elementor-widget elementor-widget-heading\" data-id=\"046c51b\" data-element_type=\"widget\" data-e-type=\"widget\" data-widget_type=\"heading.default\">\n\t\t\t\t<div class=\"elementor-widget-container\">\n\t\t\t\t\t<h2 class=\"elementor-heading-title elementor-size-default\">Artistic Director of the Concert: <br>Phd Aleksandra Maciejczyk<\/h2>\t\t\t\t<\/div>\n\t\t\t\t<\/div>\n\t\t<div class=\"elementor-element elementor-element-1004e34 e-flex e-con-boxed e-con e-child\" data-id=\"1004e34\" data-element_type=\"container\" data-e-type=\"container\">\n\t\t\t\t\t<div class=\"e-con-inner\">\n\t\t\t\t<div class=\"elementor-element elementor-element-5ca0c69 elementor-view-default elementor-widget elementor-widget-icon\" data-id=\"5ca0c69\" data-element_type=\"widget\" data-e-type=\"widget\" data-widget_type=\"icon.default\">\n\t\t\t\t<div class=\"elementor-widget-container\">\n\t\t\t\t\t\t\t<div class=\"elementor-icon-wrapper\">\n\t\t\t<div class=\"elementor-icon\">\n\t\t\t<svg xmlns=\"http:\/\/www.w3.org\/2000\/svg\" xmlns:xlink=\"http:\/\/www.w3.org\/1999\/xlink\" x=\"0px\" y=\"0px\" viewBox=\"0 0 64 64\" style=\"enable-background:new 0 0 64 64;\" xml:space=\"preserve\"><g>\t<path d=\"M48.6,60.9c-8.1,0-19.6-5.8-30.2-15.8C4,31.3-2.1,15.9,4.3,9.1c0.3-0.3,0.7-0.6,1.1-0.8l8.1-4.6c2.1-1.2,4.7-0.6,6.1,1.4  l5.9,8.4c0.7,1,1,2.2,0.7,3.4C26,18,25.3,19,24.3,19.7L20.8,22c2.7,3.9,10,13.6,21.6,20.5c0.1,0.1,0.2,0,0.2,0l2.5-3.4  c1.4-1.9,4.1-2.4,6.2-1.1l8.8,5.6c2.1,1.3,2.7,4,1.4,6.1l-4.8,7.7c-0.3,0.4-0.6,0.8-0.9,1.1C54,60.1,51.5,60.9,48.6,60.9z   M15.8,7.6C15.8,7.6,15.7,7.6,15.8,7.6l-8.2,4.6c-3.8,4.1,0.9,17.2,14,29.6c13.3,12.6,27,17.1,31.4,13.3l0,0c0,0,0,0,0,0l4.8-7.7  l-8.8-5.6c-0.1,0-0.2,0-0.2,0l-2.5,3.4c-1.4,1.9-4.1,2.4-6.1,1.2c-12.5-7.5-20.3-17.9-23.1-22c-0.7-1-0.9-2.2-0.7-3.3  c0.2-1.2,0.9-2.2,1.9-2.8l3.5-2.3l-5.8-8.3C15.9,7.7,15.8,7.6,15.8,7.6z\"><\/path><\/g><\/svg>\t\t\t<\/div>\n\t\t<\/div>\n\t\t\t\t\t\t<\/div>\n\t\t\t\t<\/div>\n\t\t\t\t<div class=\"elementor-element elementor-element-5b7ef42 elementor-widget elementor-widget-heading\" data-id=\"5b7ef42\" data-element_type=\"widget\" data-e-type=\"widget\" data-widget_type=\"heading.default\">\n\t\t\t\t<div class=\"elementor-widget-container\">\n\t\t\t\t\t<p class=\"elementor-heading-title elementor-size-default\"><a href=\"tel:%20+48%20606%20281%20392\">tel. +48 606 281 392<\/a><\/p>\t\t\t\t<\/div>\n\t\t\t\t<\/div>\n\t\t\t\t\t<\/div>\n\t\t\t\t<\/div>\n\t\t\t\t\t<\/div>\n\t\t\t\t<\/div>\n\t\t\t\t\t<\/div>\n\t\t\t\t<\/div>\n\t\t\t\t<\/div>\n\t\t","protected":false},"excerpt":{"rendered":"<p>Contact The Office of the International Ecumenical Concert of Penitential and Passion Music in \u017bory At the Parish of St. App. Philip and Jacob, 16 Garncarska Street, 44-240 \u017bory. www.filipjakub.pl Detailed information is provided by Organizational Director: Ewa Adamczyk-\u015acibik tel. +48 604 185 073 Office Manager: Maria Kaczmarczyk tel. +48 606 872 493 Promotion and [&hellip;]<\/p>\n","protected":false},"author":1,"featured_media":0,"parent":0,"menu_order":0,"comment_status":"closed","ping_status":"closed","template":"","meta":{"footnotes":""},"class_list":["post-447","page","type-page","status-publish","hentry"],"yoast_head":"<!-- This site is optimized with the Yoast SEO plugin v27.5 - https:\/\/yoast.com\/product\/yoast-seo-wordpress\/ -->\n<title>Contact - Mi\u0119dzynarodowy Ekumeniczny Koncert Muzyki Pokutnej i Pasyjnej w \u017borach<\/title>\n<meta name=\"robots\" content=\"index, follow, max-snippet:-1, max-image-preview:large, max-video-preview:-1\" \/>\n<link rel=\"canonical\" href=\"https:\/\/pasyjne.zory.pl\/en\/contact\/\" \/>\n<meta property=\"og:locale\" content=\"en_US\" \/>\n<meta property=\"og:type\" content=\"article\" \/>\n<meta property=\"og:title\" content=\"Contact - Mi\u0119dzynarodowy Ekumeniczny Koncert Muzyki Pokutnej i Pasyjnej w \u017borach\" \/>\n<meta property=\"og:description\" content=\"Contact The Office of the International Ecumenical Concert of Penitential and Passion Music in \u017bory At the Parish of St. App. Philip and Jacob, 16 Garncarska Street, 44-240 \u017bory. www.filipjakub.pl Detailed information is provided by Organizational Director: Ewa Adamczyk-\u015acibik tel. +48 604 185 073 Office Manager: Maria Kaczmarczyk tel. +48 606 872 493 Promotion and [&hellip;]\" \/>\n<meta property=\"og:url\" content=\"https:\/\/pasyjne.zory.pl\/en\/contact\/\" \/>\n<meta property=\"og:site_name\" content=\"Mi\u0119dzynarodowy Ekumeniczny Koncert Muzyki Pokutnej i Pasyjnej w \u017borach\" \/>\n<meta property=\"article:modified_time\" content=\"2024-02-28T12:55:40+00:00\" \/>\n<meta name=\"twitter:card\" content=\"summary_large_image\" \/>\n<meta name=\"twitter:label1\" content=\"Est. reading time\" \/>\n\t<meta name=\"twitter:data1\" content=\"1 minute\" \/>\n<script type=\"application\/ld+json\" class=\"yoast-schema-graph\">{\"@context\":\"https:\\\/\\\/schema.org\",\"@graph\":[{\"@type\":\"WebPage\",\"@id\":\"https:\\\/\\\/pasyjne.zory.pl\\\/en\\\/contact\\\/\",\"url\":\"https:\\\/\\\/pasyjne.zory.pl\\\/en\\\/contact\\\/\",\"name\":\"Contact - Mi\u0119dzynarodowy Ekumeniczny Koncert Muzyki Pokutnej i Pasyjnej w \u017borach\",\"isPartOf\":{\"@id\":\"https:\\\/\\\/pasyjne.zory.pl\\\/#website\"},\"datePublished\":\"2024-02-27T22:19:50+00:00\",\"dateModified\":\"2024-02-28T12:55:40+00:00\",\"breadcrumb\":{\"@id\":\"https:\\\/\\\/pasyjne.zory.pl\\\/en\\\/contact\\\/#breadcrumb\"},\"inLanguage\":\"en-US\",\"potentialAction\":[{\"@type\":\"ReadAction\",\"target\":[\"https:\\\/\\\/pasyjne.zory.pl\\\/en\\\/contact\\\/\"]}]},{\"@type\":\"BreadcrumbList\",\"@id\":\"https:\\\/\\\/pasyjne.zory.pl\\\/en\\\/contact\\\/#breadcrumb\",\"itemListElement\":[{\"@type\":\"ListItem\",\"position\":1,\"name\":\"Strona g\u0142\u00f3wna\",\"item\":\"https:\\\/\\\/pasyjne.zory.pl\\\/en\\\/\"},{\"@type\":\"ListItem\",\"position\":2,\"name\":\"Contact\"}]},{\"@type\":\"WebSite\",\"@id\":\"https:\\\/\\\/pasyjne.zory.pl\\\/#website\",\"url\":\"https:\\\/\\\/pasyjne.zory.pl\\\/\",\"name\":\"Mi\u0119dzynarodowy Ekumeniczny Koncert Muzyki Pokutnej i Pasyjnej w \u017borach\",\"description\":\"\",\"publisher\":{\"@id\":\"https:\\\/\\\/pasyjne.zory.pl\\\/#organization\"},\"potentialAction\":[{\"@type\":\"SearchAction\",\"target\":{\"@type\":\"EntryPoint\",\"urlTemplate\":\"https:\\\/\\\/pasyjne.zory.pl\\\/?s={search_term_string}\"},\"query-input\":{\"@type\":\"PropertyValueSpecification\",\"valueRequired\":true,\"valueName\":\"search_term_string\"}}],\"inLanguage\":\"en-US\"},{\"@type\":\"Organization\",\"@id\":\"https:\\\/\\\/pasyjne.zory.pl\\\/#organization\",\"name\":\"Mi\u0119dzynarodowy Ekumeniczny Koncert Muzyki Pokutnej i Pasyjnej w \u017borach\",\"url\":\"https:\\\/\\\/pasyjne.zory.pl\\\/\",\"logo\":{\"@type\":\"ImageObject\",\"inLanguage\":\"en-US\",\"@id\":\"https:\\\/\\\/pasyjne.zory.pl\\\/#\\\/schema\\\/logo\\\/image\\\/\",\"url\":\"https:\\\/\\\/pasyjne.zory.pl\\\/wp-content\\\/uploads\\\/2024\\\/02\\\/logo.png\",\"contentUrl\":\"https:\\\/\\\/pasyjne.zory.pl\\\/wp-content\\\/uploads\\\/2024\\\/02\\\/logo.png\",\"width\":1000,\"height\":1000,\"caption\":\"Mi\u0119dzynarodowy Ekumeniczny Koncert Muzyki Pokutnej i Pasyjnej w \u017borach\"},\"image\":{\"@id\":\"https:\\\/\\\/pasyjne.zory.pl\\\/#\\\/schema\\\/logo\\\/image\\\/\"}}]}<\/script>\n<!-- \/ Yoast SEO plugin. -->","yoast_head_json":{"title":"Contact - Mi\u0119dzynarodowy Ekumeniczny Koncert Muzyki Pokutnej i Pasyjnej w \u017borach","robots":{"index":"index","follow":"follow","max-snippet":"max-snippet:-1","max-image-preview":"max-image-preview:large","max-video-preview":"max-video-preview:-1"},"canonical":"https:\/\/pasyjne.zory.pl\/en\/contact\/","og_locale":"en_US","og_type":"article","og_title":"Contact - Mi\u0119dzynarodowy Ekumeniczny Koncert Muzyki Pokutnej i Pasyjnej w \u017borach","og_description":"Contact The Office of the International Ecumenical Concert of Penitential and Passion Music in \u017bory At the Parish of St. App. Philip and Jacob, 16 Garncarska Street, 44-240 \u017bory. www.filipjakub.pl Detailed information is provided by Organizational Director: Ewa Adamczyk-\u015acibik tel. +48 604 185 073 Office Manager: Maria Kaczmarczyk tel. +48 606 872 493 Promotion and [&hellip;]","og_url":"https:\/\/pasyjne.zory.pl\/en\/contact\/","og_site_name":"Mi\u0119dzynarodowy Ekumeniczny Koncert Muzyki Pokutnej i Pasyjnej w \u017borach","article_modified_time":"2024-02-28T12:55:40+00:00","twitter_card":"summary_large_image","twitter_misc":{"Est. reading time":"1 minute"},"schema":{"@context":"https:\/\/schema.org","@graph":[{"@type":"WebPage","@id":"https:\/\/pasyjne.zory.pl\/en\/contact\/","url":"https:\/\/pasyjne.zory.pl\/en\/contact\/","name":"Contact - Mi\u0119dzynarodowy Ekumeniczny Koncert Muzyki Pokutnej i Pasyjnej w \u017borach","isPartOf":{"@id":"https:\/\/pasyjne.zory.pl\/#website"},"datePublished":"2024-02-27T22:19:50+00:00","dateModified":"2024-02-28T12:55:40+00:00","breadcrumb":{"@id":"https:\/\/pasyjne.zory.pl\/en\/contact\/#breadcrumb"},"inLanguage":"en-US","potentialAction":[{"@type":"ReadAction","target":["https:\/\/pasyjne.zory.pl\/en\/contact\/"]}]},{"@type":"BreadcrumbList","@id":"https:\/\/pasyjne.zory.pl\/en\/contact\/#breadcrumb","itemListElement":[{"@type":"ListItem","position":1,"name":"Strona g\u0142\u00f3wna","item":"https:\/\/pasyjne.zory.pl\/en\/"},{"@type":"ListItem","position":2,"name":"Contact"}]},{"@type":"WebSite","@id":"https:\/\/pasyjne.zory.pl\/#website","url":"https:\/\/pasyjne.zory.pl\/","name":"Mi\u0119dzynarodowy Ekumeniczny Koncert Muzyki Pokutnej i Pasyjnej w \u017borach","description":"","publisher":{"@id":"https:\/\/pasyjne.zory.pl\/#organization"},"potentialAction":[{"@type":"SearchAction","target":{"@type":"EntryPoint","urlTemplate":"https:\/\/pasyjne.zory.pl\/?s={search_term_string}"},"query-input":{"@type":"PropertyValueSpecification","valueRequired":true,"valueName":"search_term_string"}}],"inLanguage":"en-US"},{"@type":"Organization","@id":"https:\/\/pasyjne.zory.pl\/#organization","name":"Mi\u0119dzynarodowy Ekumeniczny Koncert Muzyki Pokutnej i Pasyjnej w \u017borach","url":"https:\/\/pasyjne.zory.pl\/","logo":{"@type":"ImageObject","inLanguage":"en-US","@id":"https:\/\/pasyjne.zory.pl\/#\/schema\/logo\/image\/","url":"https:\/\/pasyjne.zory.pl\/wp-content\/uploads\/2024\/02\/logo.png","contentUrl":"https:\/\/pasyjne.zory.pl\/wp-content\/uploads\/2024\/02\/logo.png","width":1000,"height":1000,"caption":"Mi\u0119dzynarodowy Ekumeniczny Koncert Muzyki Pokutnej i Pasyjnej w \u017borach"},"image":{"@id":"https:\/\/pasyjne.zory.pl\/#\/schema\/logo\/image\/"}}]}},"_links":{"self":[{"href":"https:\/\/pasyjne.zory.pl\/en\/wp-json\/wp\/v2\/pages\/447","targetHints":{"allow":["GET"]}}],"collection":[{"href":"https:\/\/pasyjne.zory.pl\/en\/wp-json\/wp\/v2\/pages"}],"about":[{"href":"https:\/\/pasyjne.zory.pl\/en\/wp-json\/wp\/v2\/types\/page"}],"author":[{"embeddable":true,"href":"https:\/\/pasyjne.zory.pl\/en\/wp-json\/wp\/v2\/users\/1"}],"replies":[{"embeddable":true,"href":"https:\/\/pasyjne.zory.pl\/en\/wp-json\/wp\/v2\/comments?post=447"}],"version-history":[{"count":4,"href":"https:\/\/pasyjne.zory.pl\/en\/wp-json\/wp\/v2\/pages\/447\/revisions"}],"predecessor-version":[{"id":469,"href":"https:\/\/pasyjne.zory.pl\/en\/wp-json\/wp\/v2\/pages\/447\/revisions\/469"}],"wp:attachment":[{"href":"https:\/\/pasyjne.zory.pl\/en\/wp-json\/wp\/v2\/media?parent=447"}],"curies":[{"name":"wp","href":"https:\/\/api.w.org\/{rel}","templated":true}]}}